{"id":1362,"date":"2023-02-21T15:49:37","date_gmt":"2023-02-21T15:49:37","guid":{"rendered":"https:\/\/www.lifeonmachair.ie\/cruinnithe-poibli\/"},"modified":"2023-11-01T09:11:19","modified_gmt":"2023-11-01T09:11:19","slug":"cruinnithe-poibli","status":"publish","type":"page","link":"https:\/\/www.lifeonmachair.ie\/ga\/nuacht-imeachtai\/cruinnithe-poibli\/","title":{"rendered":"Cruinnithe Poibl\u00ed"},"content":{"rendered":"\n<p>Mar chuid d\u00e1r rannph\u00e1irt\u00edocht sa phobal, bh\u00ed roinnt cruinnithe poibl\u00ed tosaigh againn i halla\u00ed pobail i bhf\u00f3mhar 2022.<\/p>\n\n<p>T\u00e1imid ag lean\u00faint iad seo suas in 2023 le cruinnithe eolais d\u00edrithe ar conas is f\u00e9idir le feirmeoir\u00ed agus daoine \u00e1iti\u00fala p\u00e1irt a ghlacadh i ngn\u00edomhartha athch\u00f3irithe ar a su\u00edomh Machair \u00e1iti\u00fail.<\/p>\n<a href=\"https:\/\/www.lifeonmachair.ie\/wp-content\/uploads\/2023\/04\/LOM-public-meeting-slides-autumn-2022.pdf\" rel=\"noreferrer noopener\"   class=\"wp-block-tiptip-hyperlink-group-block\" target=\"_blank\">\n<div class=\"wp-block-columns has-border-color has-ast-global-color-0-border-color is-layout-flex wp-container-core-columns-is-layout-7466b548 wp-block-columns-is-layout-flex\" style=\"border-width:1px;padding-top:var(--wp--preset--spacing--30);padding-right:var(--wp--preset--spacing--30);padding-bottom:var(--wp--preset--spacing--30);padding-left:var(--wp--preset--spacing--30)\">\n<div class=\"wp-block-column is-layout-flow wp-block-column-is-layout-flow\">\n<figure class=\"wp-block-image size-full\"><img loading=\"lazy\" decoding=\"async\" width=\"733\" height=\"412\" src=\"https:\/\/www.lifeonmachair.ie\/wp-content\/uploads\/2023\/04\/LIFEonMachairSlides.png\" alt=\"\" class=\"wp-image-1580\" srcset=\"https:\/\/www.lifeonmachair.ie\/wp-content\/uploads\/2023\/04\/LIFEonMachairSlides.png 733w, https:\/\/www.lifeonmachair.ie\/wp-content\/uploads\/2023\/04\/LIFEonMachairSlides-300x169.png 300w\" sizes=\"auto, (max-width: 733px) 100vw, 733px\" \/><\/figure>\n<\/div>\n\n\n\n<div class=\"wp-block-column is-vertically-aligned-center is-layout-flow wp-block-column-is-layout-flow\">\n<p>Is f\u00e9idir leat pdf de shleamhn\u00e1in achoimre an tionscadail a \u00edosl\u00f3d\u00e1il <strong>anseo<\/strong>.<\/p>\n<\/div>\n<\/div>\n<\/a>\n<div class=\"wp-block-columns has-border-color has-ast-global-color-0-border-color is-layout-flex wp-container-core-columns-is-layout-7466b548 wp-block-columns-is-layout-flex\" style=\"border-width:1px;padding-top:var(--wp--preset--spacing--30);padding-right:var(--wp--preset--spacing--30);padding-bottom:var(--wp--preset--spacing--30);padding-left:var(--wp--preset--spacing--30)\">\n<div class=\"wp-block-column is-layout-flow wp-block-column-is-layout-flow\">\n<figure class=\"wp-block-embed is-type-rich is-provider-embed-handler wp-block-embed-embed-handler wp-embed-aspect-16-9 wp-has-aspect-ratio\"><div class=\"wp-block-embed__wrapper\">\n<iframe loading=\"lazy\" title=\"1. LIFE On Machair Project Launch - Part I\" width=\"500\" height=\"281\" src=\"https:\/\/www.youtube.com\/embed\/d9pHm1VreFQ?feature=oembed\" frameborder=\"0\" allow=\"accelerometer; autoplay; clipboard-write; encrypted-media; gyroscope; picture-in-picture; web-share\" referrerpolicy=\"strict-origin-when-cross-origin\" allowfullscreen><\/iframe>\n<\/div><\/figure>\n<\/div>\n\n\n\n<div class=\"wp-block-column is-vertically-aligned-center is-layout-flow wp-block-column-is-layout-flow\">\n<p>LIFE on Machair &#8211; Project Launch &#8211; Part I<\/p>\n<\/div>\n<\/div>\n\n<div class=\"wp-block-columns has-border-color has-ast-global-color-0-border-color is-layout-flex wp-container-core-columns-is-layout-7466b548 wp-block-columns-is-layout-flex\" style=\"border-width:1px;padding-top:var(--wp--preset--spacing--30);padding-right:var(--wp--preset--spacing--30);padding-bottom:var(--wp--preset--spacing--30);padding-left:var(--wp--preset--spacing--30)\">\n<div class=\"wp-block-column is-layout-flow wp-block-column-is-layout-flow\">\n<figure class=\"wp-block-embed is-type-rich is-provider-embed-handler wp-block-embed-embed-handler wp-embed-aspect-16-9 wp-has-aspect-ratio\"><div class=\"wp-block-embed__wrapper\">\n<iframe loading=\"lazy\" title=\"2. LIFE On Machair Project Launch - Part II\" width=\"500\" height=\"281\" src=\"https:\/\/www.youtube.com\/embed\/1Z34iZOYBzI?feature=oembed\" frameborder=\"0\" allow=\"accelerometer; autoplay; clipboard-write; encrypted-media; gyroscope; picture-in-picture; web-share\" referrerpolicy=\"strict-origin-when-cross-origin\" allowfullscreen><\/iframe>\n<\/div><\/figure>\n<\/div>\n\n\n\n<div class=\"wp-block-column is-vertically-aligned-center is-layout-flow wp-block-column-is-layout-flow\">\n<p>LIFE on Machair &#8211; Project Launch &#8211; Part II<\/p>\n<\/div>\n<\/div>\n\n<div class=\"wp-block-columns has-border-color has-ast-global-color-0-border-color is-layout-flex wp-container-core-columns-is-layout-7466b548 wp-block-columns-is-layout-flex\" style=\"border-width:1px;padding-top:var(--wp--preset--spacing--30);padding-right:var(--wp--preset--spacing--30);padding-bottom:var(--wp--preset--spacing--30);padding-left:var(--wp--preset--spacing--30)\">\n<div class=\"wp-block-column is-layout-flow wp-block-column-is-layout-flow\">\n<figure class=\"wp-block-embed is-type-rich is-provider-embed-handler wp-block-embed-embed-handler wp-embed-aspect-16-9 wp-has-aspect-ratio\"><div class=\"wp-block-embed__wrapper\">\n<iframe loading=\"lazy\" title=\"3. LIFE On Machair Project Launch - Part III\" width=\"500\" height=\"281\" src=\"https:\/\/www.youtube.com\/embed\/hex9n8SonK8?feature=oembed\" frameborder=\"0\" allow=\"accelerometer; autoplay; clipboard-write; encrypted-media; gyroscope; picture-in-picture; web-share\" referrerpolicy=\"strict-origin-when-cross-origin\" allowfullscreen><\/iframe>\n<\/div><\/figure>\n<\/div>\n\n\n\n<div class=\"wp-block-column is-vertically-aligned-center is-layout-flow wp-block-column-is-layout-flow\">\n<p>LIFE on Machair &#8211; Project Launch &#8211; Part III<\/p>\n<\/div>\n<\/div>\n\n<div class=\"wp-block-columns has-border-color has-ast-global-color-0-border-color is-layout-flex wp-container-core-columns-is-layout-7466b548 wp-block-columns-is-layout-flex\" style=\"border-width:1px;padding-top:var(--wp--preset--spacing--30);padding-right:var(--wp--preset--spacing--30);padding-bottom:var(--wp--preset--spacing--30);padding-left:var(--wp--preset--spacing--30)\">\n<div class=\"wp-block-column is-layout-flow wp-block-column-is-layout-flow\">\n<figure class=\"wp-block-image size-large\"><img loading=\"lazy\" decoding=\"async\" width=\"1024\" height=\"500\" src=\"https:\/\/www.lifeonmachair.ie\/wp-content\/uploads\/2023\/07\/Machair-Launch-4-1024x500.png\" alt=\"\" class=\"wp-image-1827\" srcset=\"https:\/\/www.lifeonmachair.ie\/wp-content\/uploads\/2023\/07\/Machair-Launch-4-1024x500.png 1024w, https:\/\/www.lifeonmachair.ie\/wp-content\/uploads\/2023\/07\/Machair-Launch-4-300x147.png 300w, https:\/\/www.lifeonmachair.ie\/wp-content\/uploads\/2023\/07\/Machair-Launch-4-768x375.png 768w, https:\/\/www.lifeonmachair.ie\/wp-content\/uploads\/2023\/07\/Machair-Launch-4.png 1156w\" sizes=\"auto, (max-width: 1024px) 100vw, 1024px\" \/><\/figure>\n<\/div>\n\n\n\n<div class=\"wp-block-column is-vertically-aligned-center is-layout-flow wp-block-column-is-layout-flow\">\n<p><a href=\"https:\/\/www.lifeonmachair.ie\/wp-content\/uploads\/2023\/07\/LIFE-on-Machair-project-launch-report-Part-1V.pdf\">LIFE on Machair &#8211; Project Launch Report<\/a><\/p>\n<\/div>\n<\/div>\n","protected":false},"excerpt":{"rendered":"<p>Mar chuid d\u00e1r rannph\u00e1irt\u00edocht sa phobal, bh\u00ed roinnt cruinnithe poibl\u00ed tosaigh againn i halla\u00ed pobail i bhf\u00f3mhar 2022. T\u00e1imid ag lean\u00faint iad seo suas in 2023 le cruinnithe eolais d\u00edrithe ar conas is f\u00e9idir le feirmeoir\u00ed agus daoine \u00e1iti\u00fala p\u00e1irt a ghlacadh i ngn\u00edomhartha athch\u00f3irithe ar a su\u00edomh Machair \u00e1iti\u00fail. LIFE on Machair &#8211; Project [&hellip;]<\/p>\n","protected":false},"author":1,"featured_media":749,"parent":1364,"menu_order":0,"comment_status":"closed","ping_status":"closed","template":"","meta":{"site-sidebar-layout":"default","site-content-layout":"","ast-site-content-layout":"default","site-content-style":"default","site-sidebar-style":"default","ast-global-header-display":"","ast-banner-title-visibility":"","ast-main-header-display":"","ast-hfb-above-header-display":"","ast-hfb-below-header-display":"","ast-hfb-mobile-header-display":"","site-post-title":"","ast-breadcrumbs-content":"","ast-featured-img":"","footer-sml-layout":"","ast-disable-related-posts":"","theme-transparent-header-meta":"","adv-header-id-meta":"","stick-header-meta":"","header-above-stick-meta":"","header-main-stick-meta":"","header-below-stick-meta":"","astra-migrate-meta-layouts":"default","ast-page-background-enabled":"default","ast-page-background-meta":{"desktop":{"background-color":"var(--ast-global-color-4)","background-image":"","background-repeat":"repeat","background-position":"center center","background-size":"auto","background-attachment":"scroll","background-type":"","background-media":"","overlay-type":"","overlay-color":"","overlay-opacity":"","overlay-gradient":""},"tablet":{"background-color":"","background-image":"","background-repeat":"repeat","background-position":"center center","background-size":"auto","background-attachment":"scroll","background-type":"","background-media":"","overlay-type":"","overlay-color":"","overlay-opacity":"","overlay-gradient":""},"mobile":{"background-color":"","background-image":"","background-repeat":"repeat","background-position":"center center","background-size":"auto","background-attachment":"scroll","background-type":"","background-media":"","overlay-type":"","overlay-color":"","overlay-opacity":"","overlay-gradient":""}},"ast-content-background-meta":{"desktop":{"background-color":"var(--ast-global-color-5)","background-image":"","background-repeat":"repeat","background-position":"center center","background-size":"auto","background-attachment":"scroll","background-type":"","background-media":"","overlay-type":"","overlay-color":"","overlay-opacity":"","overlay-gradient":""},"tablet":{"background-color":"var(--ast-global-color-5)","background-image":"","background-repeat":"repeat","background-position":"center center","background-size":"auto","background-attachment":"scroll","background-type":"","background-media":"","overlay-type":"","overlay-color":"","overlay-opacity":"","overlay-gradient":""},"mobile":{"background-color":"var(--ast-global-color-5)","background-image":"","background-repeat":"repeat","background-position":"center center","background-size":"auto","background-attachment":"scroll","background-type":"","background-media":"","overlay-type":"","overlay-color":"","overlay-opacity":"","overlay-gradient":""}},"footnotes":""},"class_list":["post-1362","page","type-page","status-publish","has-post-thumbnail","hentry"],"yoast_head":"<!-- This site is optimized with the Yoast SEO plugin v27.4 - https:\/\/yoast.com\/product\/yoast-seo-wordpress\/ -->\n<title>Cruinnithe Poibl\u00ed - LIFE ar Mhacaire<\/title>\n<meta name=\"robots\" content=\"index, follow, max-snippet:-1, max-image-preview:large, max-video-preview:-1\" \/>\n<link rel=\"canonical\" href=\"https:\/\/www.lifeonmachair.ie\/ga\/nuacht-imeachtai\/cruinnithe-poibli\/\" \/>\n<meta property=\"og:locale\" content=\"ga_IE\" \/>\n<meta property=\"og:type\" content=\"article\" \/>\n<meta property=\"og:title\" content=\"Cruinnithe Poibl\u00ed - LIFE ar Mhacaire\" \/>\n<meta property=\"og:description\" content=\"Mar chuid d\u00e1r rannph\u00e1irt\u00edocht sa phobal, bh\u00ed roinnt cruinnithe poibl\u00ed tosaigh againn i halla\u00ed pobail i bhf\u00f3mhar 2022. T\u00e1imid ag lean\u00faint iad seo suas in 2023 le cruinnithe eolais d\u00edrithe ar conas is f\u00e9idir le feirmeoir\u00ed agus daoine \u00e1iti\u00fala p\u00e1irt a ghlacadh i ngn\u00edomhartha athch\u00f3irithe ar a su\u00edomh Machair \u00e1iti\u00fail. LIFE on Machair &#8211; Project [&hellip;]\" \/>\n<meta property=\"og:url\" content=\"https:\/\/www.lifeonmachair.ie\/ga\/nuacht-imeachtai\/cruinnithe-poibli\/\" \/>\n<meta property=\"og:site_name\" content=\"LIFE ar Mhacaire\" \/>\n<meta property=\"article:publisher\" content=\"https:\/\/www.facebook.com\/profile.php?id=100086060573760\" \/>\n<meta property=\"article:modified_time\" content=\"2023-11-01T09:11:19+00:00\" \/>\n<meta property=\"og:image\" content=\"https:\/\/www.lifeonmachair.ie\/wp-content\/uploads\/2023\/03\/training-day-july-2022-scaled-e1679506330659.jpg\" \/>\n\t<meta property=\"og:image:width\" content=\"2560\" \/>\n\t<meta property=\"og:image:height\" content=\"1920\" \/>\n\t<meta property=\"og:image:type\" content=\"image\/jpeg\" \/>\n<meta name=\"twitter:card\" content=\"summary_large_image\" \/>\n<meta name=\"twitter:site\" content=\"@LIFEonMachair\" \/>\n<meta name=\"twitter:label1\" content=\"Est. reading time\" \/>\n\t<meta name=\"twitter:data1\" content=\"1 minute\" \/>\n<script type=\"application\/ld+json\" class=\"yoast-schema-graph\">{\"@context\":\"https:\\\/\\\/schema.org\",\"@graph\":[{\"@type\":\"WebPage\",\"@id\":\"https:\\\/\\\/www.lifeonmachair.ie\\\/ga\\\/nuacht-imeachtai\\\/cruinnithe-poibli\\\/\",\"url\":\"https:\\\/\\\/www.lifeonmachair.ie\\\/ga\\\/nuacht-imeachtai\\\/cruinnithe-poibli\\\/\",\"name\":\"Cruinnithe Poibl\u00ed - LIFE ar Mhacaire\",\"isPartOf\":{\"@id\":\"https:\\\/\\\/www.lifeonmachair.ie\\\/ga\\\/#website\"},\"primaryImageOfPage\":{\"@id\":\"https:\\\/\\\/www.lifeonmachair.ie\\\/ga\\\/nuacht-imeachtai\\\/cruinnithe-poibli\\\/#primaryimage\"},\"image\":{\"@id\":\"https:\\\/\\\/www.lifeonmachair.ie\\\/ga\\\/nuacht-imeachtai\\\/cruinnithe-poibli\\\/#primaryimage\"},\"thumbnailUrl\":\"https:\\\/\\\/www.lifeonmachair.ie\\\/wp-content\\\/uploads\\\/2023\\\/03\\\/training-day-july-2022-scaled-e1679506330659.jpg\",\"datePublished\":\"2023-02-21T15:49:37+00:00\",\"dateModified\":\"2023-11-01T09:11:19+00:00\",\"breadcrumb\":{\"@id\":\"https:\\\/\\\/www.lifeonmachair.ie\\\/ga\\\/nuacht-imeachtai\\\/cruinnithe-poibli\\\/#breadcrumb\"},\"inLanguage\":\"ga-IE\",\"potentialAction\":[{\"@type\":\"ReadAction\",\"target\":[\"https:\\\/\\\/www.lifeonmachair.ie\\\/ga\\\/nuacht-imeachtai\\\/cruinnithe-poibli\\\/\"]}]},{\"@type\":\"ImageObject\",\"inLanguage\":\"ga-IE\",\"@id\":\"https:\\\/\\\/www.lifeonmachair.ie\\\/ga\\\/nuacht-imeachtai\\\/cruinnithe-poibli\\\/#primaryimage\",\"url\":\"https:\\\/\\\/www.lifeonmachair.ie\\\/wp-content\\\/uploads\\\/2023\\\/03\\\/training-day-july-2022-scaled-e1679506330659.jpg\",\"contentUrl\":\"https:\\\/\\\/www.lifeonmachair.ie\\\/wp-content\\\/uploads\\\/2023\\\/03\\\/training-day-july-2022-scaled-e1679506330659.jpg\",\"width\":2560,\"height\":1920,\"caption\":\"Training Event: July 2022\"},{\"@type\":\"BreadcrumbList\",\"@id\":\"https:\\\/\\\/www.lifeonmachair.ie\\\/ga\\\/nuacht-imeachtai\\\/cruinnithe-poibli\\\/#breadcrumb\",\"itemListElement\":[{\"@type\":\"ListItem\",\"position\":1,\"name\":\"Home\",\"item\":\"https:\\\/\\\/www.lifeonmachair.ie\\\/ga\\\/\"},{\"@type\":\"ListItem\",\"position\":2,\"name\":\"Nuacht &amp; Imeachta\u00ed\",\"item\":\"https:\\\/\\\/www.lifeonmachair.ie\\\/ga\\\/nuacht-imeachtai\\\/\"},{\"@type\":\"ListItem\",\"position\":3,\"name\":\"Cruinnithe Poibl\u00ed\"}]},{\"@type\":\"WebSite\",\"@id\":\"https:\\\/\\\/www.lifeonmachair.ie\\\/ga\\\/#website\",\"url\":\"https:\\\/\\\/www.lifeonmachair.ie\\\/ga\\\/\",\"name\":\"LIFE ar Mhacaire\",\"description\":\"\",\"publisher\":{\"@id\":\"https:\\\/\\\/www.lifeonmachair.ie\\\/ga\\\/#organization\"},\"potentialAction\":[{\"@type\":\"SearchAction\",\"target\":{\"@type\":\"EntryPoint\",\"urlTemplate\":\"https:\\\/\\\/www.lifeonmachair.ie\\\/ga\\\/?s={search_term_string}\"},\"query-input\":{\"@type\":\"PropertyValueSpecification\",\"valueRequired\":true,\"valueName\":\"search_term_string\"}}],\"inLanguage\":\"ga-IE\"},{\"@type\":\"Organization\",\"@id\":\"https:\\\/\\\/www.lifeonmachair.ie\\\/ga\\\/#organization\",\"name\":\"Department of Housing, Local Government and Heritage\",\"url\":\"https:\\\/\\\/www.lifeonmachair.ie\\\/ga\\\/\",\"logo\":{\"@type\":\"ImageObject\",\"inLanguage\":\"ga-IE\",\"@id\":\"https:\\\/\\\/www.lifeonmachair.ie\\\/ga\\\/#\\\/schema\\\/logo\\\/image\\\/\",\"url\":\"https:\\\/\\\/www.lifeonmachair.ie\\\/wp-content\\\/uploads\\\/2025\\\/09\\\/life-on-machair-logo.jpg\",\"contentUrl\":\"https:\\\/\\\/www.lifeonmachair.ie\\\/wp-content\\\/uploads\\\/2025\\\/09\\\/life-on-machair-logo.jpg\",\"width\":1962,\"height\":772,\"caption\":\"Department of Housing, Local Government and Heritage\"},\"image\":{\"@id\":\"https:\\\/\\\/www.lifeonmachair.ie\\\/ga\\\/#\\\/schema\\\/logo\\\/image\\\/\"},\"sameAs\":[\"https:\\\/\\\/www.facebook.com\\\/profile.php?id=100086060573760\",\"https:\\\/\\\/x.com\\\/LIFEonMachair\"]}]}<\/script>\n<!-- \/ Yoast SEO plugin. -->","yoast_head_json":{"title":"Cruinnithe Poibl\u00ed - LIFE ar Mhacaire","robots":{"index":"index","follow":"follow","max-snippet":"max-snippet:-1","max-image-preview":"max-image-preview:large","max-video-preview":"max-video-preview:-1"},"canonical":"https:\/\/www.lifeonmachair.ie\/ga\/nuacht-imeachtai\/cruinnithe-poibli\/","og_locale":"ga_IE","og_type":"article","og_title":"Cruinnithe Poibl\u00ed - LIFE ar Mhacaire","og_description":"Mar chuid d\u00e1r rannph\u00e1irt\u00edocht sa phobal, bh\u00ed roinnt cruinnithe poibl\u00ed tosaigh againn i halla\u00ed pobail i bhf\u00f3mhar 2022. T\u00e1imid ag lean\u00faint iad seo suas in 2023 le cruinnithe eolais d\u00edrithe ar conas is f\u00e9idir le feirmeoir\u00ed agus daoine \u00e1iti\u00fala p\u00e1irt a ghlacadh i ngn\u00edomhartha athch\u00f3irithe ar a su\u00edomh Machair \u00e1iti\u00fail. LIFE on Machair &#8211; Project [&hellip;]","og_url":"https:\/\/www.lifeonmachair.ie\/ga\/nuacht-imeachtai\/cruinnithe-poibli\/","og_site_name":"LIFE ar Mhacaire","article_publisher":"https:\/\/www.facebook.com\/profile.php?id=100086060573760","article_modified_time":"2023-11-01T09:11:19+00:00","og_image":[{"width":2560,"height":1920,"url":"https:\/\/www.lifeonmachair.ie\/wp-content\/uploads\/2023\/03\/training-day-july-2022-scaled-e1679506330659.jpg","type":"image\/jpeg"}],"twitter_card":"summary_large_image","twitter_site":"@LIFEonMachair","twitter_misc":{"Est. reading time":"1 minute"},"schema":{"@context":"https:\/\/schema.org","@graph":[{"@type":"WebPage","@id":"https:\/\/www.lifeonmachair.ie\/ga\/nuacht-imeachtai\/cruinnithe-poibli\/","url":"https:\/\/www.lifeonmachair.ie\/ga\/nuacht-imeachtai\/cruinnithe-poibli\/","name":"Cruinnithe Poibl\u00ed - LIFE ar Mhacaire","isPartOf":{"@id":"https:\/\/www.lifeonmachair.ie\/ga\/#website"},"primaryImageOfPage":{"@id":"https:\/\/www.lifeonmachair.ie\/ga\/nuacht-imeachtai\/cruinnithe-poibli\/#primaryimage"},"image":{"@id":"https:\/\/www.lifeonmachair.ie\/ga\/nuacht-imeachtai\/cruinnithe-poibli\/#primaryimage"},"thumbnailUrl":"https:\/\/www.lifeonmachair.ie\/wp-content\/uploads\/2023\/03\/training-day-july-2022-scaled-e1679506330659.jpg","datePublished":"2023-02-21T15:49:37+00:00","dateModified":"2023-11-01T09:11:19+00:00","breadcrumb":{"@id":"https:\/\/www.lifeonmachair.ie\/ga\/nuacht-imeachtai\/cruinnithe-poibli\/#breadcrumb"},"inLanguage":"ga-IE","potentialAction":[{"@type":"ReadAction","target":["https:\/\/www.lifeonmachair.ie\/ga\/nuacht-imeachtai\/cruinnithe-poibli\/"]}]},{"@type":"ImageObject","inLanguage":"ga-IE","@id":"https:\/\/www.lifeonmachair.ie\/ga\/nuacht-imeachtai\/cruinnithe-poibli\/#primaryimage","url":"https:\/\/www.lifeonmachair.ie\/wp-content\/uploads\/2023\/03\/training-day-july-2022-scaled-e1679506330659.jpg","contentUrl":"https:\/\/www.lifeonmachair.ie\/wp-content\/uploads\/2023\/03\/training-day-july-2022-scaled-e1679506330659.jpg","width":2560,"height":1920,"caption":"Training Event: July 2022"},{"@type":"BreadcrumbList","@id":"https:\/\/www.lifeonmachair.ie\/ga\/nuacht-imeachtai\/cruinnithe-poibli\/#breadcrumb","itemListElement":[{"@type":"ListItem","position":1,"name":"Home","item":"https:\/\/www.lifeonmachair.ie\/ga\/"},{"@type":"ListItem","position":2,"name":"Nuacht &amp; Imeachta\u00ed","item":"https:\/\/www.lifeonmachair.ie\/ga\/nuacht-imeachtai\/"},{"@type":"ListItem","position":3,"name":"Cruinnithe Poibl\u00ed"}]},{"@type":"WebSite","@id":"https:\/\/www.lifeonmachair.ie\/ga\/#website","url":"https:\/\/www.lifeonmachair.ie\/ga\/","name":"LIFE ar Mhacaire","description":"","publisher":{"@id":"https:\/\/www.lifeonmachair.ie\/ga\/#organization"},"potentialAction":[{"@type":"SearchAction","target":{"@type":"EntryPoint","urlTemplate":"https:\/\/www.lifeonmachair.ie\/ga\/?s={search_term_string}"},"query-input":{"@type":"PropertyValueSpecification","valueRequired":true,"valueName":"search_term_string"}}],"inLanguage":"ga-IE"},{"@type":"Organization","@id":"https:\/\/www.lifeonmachair.ie\/ga\/#organization","name":"Department of Housing, Local Government and Heritage","url":"https:\/\/www.lifeonmachair.ie\/ga\/","logo":{"@type":"ImageObject","inLanguage":"ga-IE","@id":"https:\/\/www.lifeonmachair.ie\/ga\/#\/schema\/logo\/image\/","url":"https:\/\/www.lifeonmachair.ie\/wp-content\/uploads\/2025\/09\/life-on-machair-logo.jpg","contentUrl":"https:\/\/www.lifeonmachair.ie\/wp-content\/uploads\/2025\/09\/life-on-machair-logo.jpg","width":1962,"height":772,"caption":"Department of Housing, Local Government and Heritage"},"image":{"@id":"https:\/\/www.lifeonmachair.ie\/ga\/#\/schema\/logo\/image\/"},"sameAs":["https:\/\/www.facebook.com\/profile.php?id=100086060573760","https:\/\/x.com\/LIFEonMachair"]}]}},"_links":{"self":[{"href":"https:\/\/www.lifeonmachair.ie\/ga\/wp-json\/wp\/v2\/pages\/1362","targetHints":{"allow":["GET"]}}],"collection":[{"href":"https:\/\/www.lifeonmachair.ie\/ga\/wp-json\/wp\/v2\/pages"}],"about":[{"href":"https:\/\/www.lifeonmachair.ie\/ga\/wp-json\/wp\/v2\/types\/page"}],"author":[{"embeddable":true,"href":"https:\/\/www.lifeonmachair.ie\/ga\/wp-json\/wp\/v2\/users\/1"}],"replies":[{"embeddable":true,"href":"https:\/\/www.lifeonmachair.ie\/ga\/wp-json\/wp\/v2\/comments?post=1362"}],"version-history":[{"count":3,"href":"https:\/\/www.lifeonmachair.ie\/ga\/wp-json\/wp\/v2\/pages\/1362\/revisions"}],"predecessor-version":[{"id":1861,"href":"https:\/\/www.lifeonmachair.ie\/ga\/wp-json\/wp\/v2\/pages\/1362\/revisions\/1861"}],"up":[{"embeddable":true,"href":"https:\/\/www.lifeonmachair.ie\/ga\/wp-json\/wp\/v2\/pages\/1364"}],"wp:featuredmedia":[{"embeddable":true,"href":"https:\/\/www.lifeonmachair.ie\/ga\/wp-json\/wp\/v2\/media\/749"}],"wp:attachment":[{"href":"https:\/\/www.lifeonmachair.ie\/ga\/wp-json\/wp\/v2\/media?parent=1362"}],"curies":[{"name":"wp","href":"https:\/\/api.w.org\/{rel}","templated":true}]}}