{"id":1360,"date":"2023-03-09T12:10:43","date_gmt":"2023-03-09T12:10:43","guid":{"rendered":"https:\/\/www.lifeonmachair.ie\/gniomhaiochtai-an-tionscadail\/clar-life-maidir-le-hathchoiriu-machair\/"},"modified":"2025-01-10T11:21:38","modified_gmt":"2025-01-10T11:21:38","slug":"clar-life-maidir-le-hathchoiriu-machair","status":"publish","type":"page","link":"https:\/\/www.lifeonmachair.ie\/ga\/gniomhaiochtai-an-tionscadail\/clar-life-maidir-le-hathchoiriu-machair\/","title":{"rendered":"Cl\u00e1r LIFE maidir le hAthch\u00f3iri\u00fa Machair"},"content":{"rendered":"\n<div class=\"wp-block-columns is-layout-flex wp-container-core-columns-is-layout-28f84493 wp-block-columns-is-layout-flex\">\n<div class=\"wp-block-column is-layout-flow wp-block-column-is-layout-flow\" style=\"flex-basis:66.66%\">\n<p>I m\u00ed an Mh\u00e1rta 2023, tosa\u00edonn tionscadal LIFE maidir le Machair ag p\u00edol\u00f3t\u00fa cl\u00e1r \u00edoca\u00edochta rannph\u00e1irt\u00edochta feirmeoir\u00ed, <strong>Cl\u00e1r LIFE maidir le hAthch\u00f3iri\u00fa Machair<\/strong>, ina mbeidh pr\u00f3iseas rannph\u00e1irt\u00edochta le pobail feirmeoireachta sna sprioclimist\u00e9ir tionscadail le linn thr\u00e9imhse an tionscadail. <\/p>\n\n\n\n<p>Beidh sceideal bliant\u00fail na n-imeachta\u00ed plean\u00e1la agus na gceardlann oili\u00fana bunaithe ar na nithe seo a leanas sa Chl\u00e1r LIFE maidir le hAthch\u00f3iri\u00fa Machair: <\/p>\n\n\n\n<ul class=\"wp-block-list\">\n<li><strong>Rannph\u00e1irt\u00edocht<\/strong> \u2013 ag obair le ch\u00e9ile chun bainist\u00edocht spriocdh\u00edrithe su\u00edmh a fhorbairt agus a chur chun feidhme.<\/li>\n\n\n\n<li><strong>Malart\u00fa eolais<\/strong> \u2013 l\u00e9argas stairi\u00fail a th\u00f3g\u00e1il ar an gcaoi a bhfuil athr\u00fa tagtha ar na su\u00edomhanna le himeacht ama agus ar an gcaoi ar f\u00e9idir leo eolas a chur ar f\u00e1il do lucht bainist\u00edochta amach anseo.<\/li>\n\n\n\n<li><strong>Gn\u00edomha\u00edochta\u00ed athch\u00f3irithe a phlean\u00e1il agus a chur chun feidhme<\/strong> \u2013 is \u00e9ard a bheidh i gceist leis sin triail a bhaint as bearta praitici\u00fala amhail athsh\u00edol\u00fa ach strucht\u00fair rialachais a bhun\u00fa le haghaidh coim\u00edneachta\u00ed chun leibh\u00e9il stoc\u00e1la at\u00e1 oiri\u00fanach do gach su\u00edomh a rial\u00fa.<\/li>\n\n\n\n<li><strong>Cuideoidh forbairt acmhainn\u00ed i nd\u00e1il le bainisti\u00fa su\u00edomhanna<\/strong> \u2013 foghlaim tr\u00ed ghn\u00edomh\u00fa idir foireann an tionscadail agus feirmeoir\u00ed chun bonn eolais a chur faoi dhea-chleachtas le haghaidh athch\u00f3iri\u00fa agus bainisti\u00fa c\u00f3sta ar fud na ngn\u00edomhaireachta\u00ed.<\/li>\n\n\n\n<li><strong>Cleachtais feirmeoireachta inbhuanaithe a shainaithint a bheidh le hionchorpr\u00fa sa ch\u00e9ad timthriall eile de CBT<\/strong> \u2013 ag nascadh le comhairleoir\u00ed feirme agus le foirne Thionscadal Comhair ACRES, is f\u00e9idir linn a \u00e1irithi\u00fa go nd\u00edreofar na bearta agra-chomhshaoil iomchu\u00ed ar l\u00e1ithre\u00e1in ch\u00f3sta sa ch\u00e9ad timthriall eile de CBT (i ndiaidh 2028)<\/li>\n<\/ul>\n\n\n\n<p>Cuireann comhairleoir\u00ed feirme pr\u00edomhl\u00edonra taca\u00edochta ar f\u00e1il d\u2019fheirmeoir\u00ed agus forbr\u00f3far sraith ceardlann oili\u00fana do chomhairleoir\u00ed feirme le c\u00fanamh \u00f3n\u00e1r gcomhph\u00e1irtithe tionscadail Teagasc agus d\u00e9anfar iad a ph\u00edol\u00f3t\u00fa ar fud an l\u00edonra comhairleoir\u00ed feirme n\u00edos leithne.<\/p>\n\n\n\n<p>T\u00e1 na <a href=\"https:\/\/www.lifeonmachair.ie\/wp-content\/uploads\/2024\/12\/LOM-TCs_v3_July2024.pdf\" target=\"_blank\" rel=\"noreferrer noopener\">T\u00e9arma\u00ed agus Coinn\u00edollacha<\/a> tugtha chun cr\u00edche agus is f\u00e9idir iad a \u00edosl\u00f3d\u00e1il. Is f\u00e9idir <a href=\"https:\/\/www.lifeonmachair.ie\/wp-content\/uploads\/2024\/12\/LIFE-on-Machair-Restoration-Programme-Summary_LOM_2024.pdf\" target=\"_blank\" rel=\"noreferrer noopener\">doicim\u00e9ad achomair<\/a> a \u00edosl\u00f3d\u00e1il freisin. D\u00e9an teagmh\u00e1il linn m\u00e1 t\u00e1 suim agat cl\u00e1r\u00fa le haghaidh ceann d\u00e1r spriocr\u00e9ims\u00ed tionscadail: <a href=\"mailto:info@lifeonmachair.ie\">info@lifeonmachair.ie<\/a> <\/p>\n\n\n\n<p>Toisc go bhfuil an cl\u00e1r p\u00edol\u00f3tach beimid ag roinnt eolais agus eisp\u00e9iris tr\u00edn\u00e1r nuachtlitreacha agus nuashonruithe rialta. Cl\u00e1raigh len\u00e1r <strong>nuachtlitir<\/strong> n\u00f3 lean muid ar na <strong>me\u00e1in sh\u00f3isialta<\/strong> chun \u00e1r ndul chun cinn a lean\u00faint.<\/p>\n<\/div>\n\n\n\n<div class=\"wp-block-column is-layout-flow wp-block-column-is-layout-flow\" style=\"flex-basis:33.33%\">\n<figure class=\"wp-block-image size-large\"><a href=\"https:\/\/www.lifeonmachair.ie\/wp-content\/uploads\/2023\/04\/lurga2-edited-scaled.jpg\"><img loading=\"lazy\" decoding=\"async\" width=\"2560\" height=\"2560\" src=\"https:\/\/www.lifeonmachair.ie\/wp-content\/uploads\/2023\/04\/lurga2-edited-scaled.jpg\" alt=\"Bl&#xE1;thanna na Mhachaire \" class=\"wp-image-1475\" srcset=\"https:\/\/www.lifeonmachair.ie\/wp-content\/uploads\/2023\/04\/lurga2-edited-scaled.jpg 2560w, https:\/\/www.lifeonmachair.ie\/wp-content\/uploads\/2023\/04\/lurga2-edited-300x300.jpg 300w, https:\/\/www.lifeonmachair.ie\/wp-content\/uploads\/2023\/04\/lurga2-edited-1024x1024.jpg 1024w, https:\/\/www.lifeonmachair.ie\/wp-content\/uploads\/2023\/04\/lurga2-edited-150x150.jpg 150w, https:\/\/www.lifeonmachair.ie\/wp-content\/uploads\/2023\/04\/lurga2-edited-768x768.jpg 768w, https:\/\/www.lifeonmachair.ie\/wp-content\/uploads\/2023\/04\/lurga2-edited-1536x1536.jpg 1536w, https:\/\/www.lifeonmachair.ie\/wp-content\/uploads\/2023\/04\/lurga2-edited-2048x2048.jpg 2048w\" sizes=\"auto, (max-width: 2560px) 100vw, 2560px\" \/><\/a><figcaption class=\"wp-element-caption\">Bl\u00e1thanna na Mhachaire<\/figcaption><\/figure>\n<\/div>\n<\/div>\n","protected":false},"excerpt":{"rendered":"<p>I m\u00ed an Mh\u00e1rta 2023, tosa\u00edonn tionscadal LIFE maidir le Machair ag p\u00edol\u00f3t\u00fa cl\u00e1r \u00edoca\u00edochta rannph\u00e1irt\u00edochta feirmeoir\u00ed, Cl\u00e1r LIFE maidir le hAthch\u00f3iri\u00fa Machair, ina mbeidh pr\u00f3iseas rannph\u00e1irt\u00edochta le pobail feirmeoireachta sna sprioclimist\u00e9ir tionscadail le linn thr\u00e9imhse an tionscadail. Beidh sceideal bliant\u00fail na n-imeachta\u00ed plean\u00e1la agus na gceardlann oili\u00fana bunaithe ar na nithe seo a leanas [&hellip;]<\/p>\n","protected":false},"author":1,"featured_media":1472,"parent":1333,"menu_order":0,"comment_status":"closed","ping_status":"closed","template":"","meta":{"site-sidebar-layout":"default","site-content-layout":"","ast-site-content-layout":"default","site-content-style":"default","site-sidebar-style":"default","ast-global-header-display":"","ast-banner-title-visibility":"","ast-main-header-display":"","ast-hfb-above-header-display":"","ast-hfb-below-header-display":"","ast-hfb-mobile-header-display":"","site-post-title":"","ast-breadcrumbs-content":"","ast-featured-img":"","footer-sml-layout":"","ast-disable-related-posts":"","theme-transparent-header-meta":"","adv-header-id-meta":"","stick-header-meta":"","header-above-stick-meta":"","header-main-stick-meta":"","header-below-stick-meta":"","astra-migrate-meta-layouts":"default","ast-page-background-enabled":"default","ast-page-background-meta":{"desktop":{"background-color":"var(--ast-global-color-4)","background-image":"","background-repeat":"repeat","background-position":"center center","background-size":"auto","background-attachment":"scroll","background-type":"","background-media":"","overlay-type":"","overlay-color":"","overlay-opacity":"","overlay-gradient":""},"tablet":{"background-color":"","background-image":"","background-repeat":"repeat","background-position":"center center","background-size":"auto","background-attachment":"scroll","background-type":"","background-media":"","overlay-type":"","overlay-color":"","overlay-opacity":"","overlay-gradient":""},"mobile":{"background-color":"","background-image":"","background-repeat":"repeat","background-position":"center center","background-size":"auto","background-attachment":"scroll","background-type":"","background-media":"","overlay-type":"","overlay-color":"","overlay-opacity":"","overlay-gradient":""}},"ast-content-background-meta":{"desktop":{"background-color":"var(--ast-global-color-5)","background-image":"","background-repeat":"repeat","background-position":"center center","background-size":"auto","background-attachment":"scroll","background-type":"","background-media":"","overlay-type":"","overlay-color":"","overlay-opacity":"","overlay-gradient":""},"tablet":{"background-color":"var(--ast-global-color-5)","background-image":"","background-repeat":"repeat","background-position":"center center","background-size":"auto","background-attachment":"scroll","background-type":"","background-media":"","overlay-type":"","overlay-color":"","overlay-opacity":"","overlay-gradient":""},"mobile":{"background-color":"var(--ast-global-color-5)","background-image":"","background-repeat":"repeat","background-position":"center center","background-size":"auto","background-attachment":"scroll","background-type":"","background-media":"","overlay-type":"","overlay-color":"","overlay-opacity":"","overlay-gradient":""}},"footnotes":""},"class_list":["post-1360","page","type-page","status-publish","has-post-thumbnail","hentry"],"yoast_head":"<!-- This site is optimized with the Yoast SEO plugin v27.5 - https:\/\/yoast.com\/product\/yoast-seo-wordpress\/ -->\n<title>Cl\u00e1r LIFE maidir le hAthch\u00f3iri\u00fa Machair - LIFE ar Mhacaire<\/title>\n<meta name=\"robots\" content=\"index, follow, max-snippet:-1, max-image-preview:large, max-video-preview:-1\" \/>\n<link rel=\"canonical\" href=\"https:\/\/www.lifeonmachair.ie\/ga\/gniomhaiochtai-an-tionscadail\/clar-life-maidir-le-hathchoiriu-machair\/\" \/>\n<meta property=\"og:locale\" content=\"ga_IE\" \/>\n<meta property=\"og:type\" content=\"article\" \/>\n<meta property=\"og:title\" content=\"Cl\u00e1r LIFE maidir le hAthch\u00f3iri\u00fa Machair - LIFE ar Mhacaire\" \/>\n<meta property=\"og:description\" content=\"I m\u00ed an Mh\u00e1rta 2023, tosa\u00edonn tionscadal LIFE maidir le Machair ag p\u00edol\u00f3t\u00fa cl\u00e1r \u00edoca\u00edochta rannph\u00e1irt\u00edochta feirmeoir\u00ed, Cl\u00e1r LIFE maidir le hAthch\u00f3iri\u00fa Machair, ina mbeidh pr\u00f3iseas rannph\u00e1irt\u00edochta le pobail feirmeoireachta sna sprioclimist\u00e9ir tionscadail le linn thr\u00e9imhse an tionscadail. Beidh sceideal bliant\u00fail na n-imeachta\u00ed plean\u00e1la agus na gceardlann oili\u00fana bunaithe ar na nithe seo a leanas [&hellip;]\" \/>\n<meta property=\"og:url\" content=\"https:\/\/www.lifeonmachair.ie\/ga\/gniomhaiochtai-an-tionscadail\/clar-life-maidir-le-hathchoiriu-machair\/\" \/>\n<meta property=\"og:site_name\" content=\"LIFE ar Mhacaire\" \/>\n<meta property=\"article:publisher\" content=\"https:\/\/www.facebook.com\/profile.php?id=100086060573760\" \/>\n<meta property=\"article:modified_time\" content=\"2025-01-10T11:21:38+00:00\" \/>\n<meta property=\"og:image\" content=\"https:\/\/www.lifeonmachair.ie\/wp-content\/uploads\/2023\/04\/lurga2-scaled.jpg\" \/>\n\t<meta property=\"og:image:width\" content=\"2560\" \/>\n\t<meta property=\"og:image:height\" content=\"1920\" \/>\n\t<meta property=\"og:image:type\" content=\"image\/jpeg\" \/>\n<meta name=\"twitter:card\" content=\"summary_large_image\" \/>\n<meta name=\"twitter:site\" content=\"@LIFEonMachair\" \/>\n<meta name=\"twitter:label1\" content=\"Est. reading time\" \/>\n\t<meta name=\"twitter:data1\" content=\"2 minutes\" \/>\n<script type=\"application\/ld+json\" class=\"yoast-schema-graph\">{\"@context\":\"https:\\\/\\\/schema.org\",\"@graph\":[{\"@type\":\"WebPage\",\"@id\":\"https:\\\/\\\/www.lifeonmachair.ie\\\/ga\\\/gniomhaiochtai-an-tionscadail\\\/clar-life-maidir-le-hathchoiriu-machair\\\/\",\"url\":\"https:\\\/\\\/www.lifeonmachair.ie\\\/ga\\\/gniomhaiochtai-an-tionscadail\\\/clar-life-maidir-le-hathchoiriu-machair\\\/\",\"name\":\"Cl\u00e1r LIFE maidir le hAthch\u00f3iri\u00fa Machair - LIFE ar Mhacaire\",\"isPartOf\":{\"@id\":\"https:\\\/\\\/www.lifeonmachair.ie\\\/ga\\\/#website\"},\"primaryImageOfPage\":{\"@id\":\"https:\\\/\\\/www.lifeonmachair.ie\\\/ga\\\/gniomhaiochtai-an-tionscadail\\\/clar-life-maidir-le-hathchoiriu-machair\\\/#primaryimage\"},\"image\":{\"@id\":\"https:\\\/\\\/www.lifeonmachair.ie\\\/ga\\\/gniomhaiochtai-an-tionscadail\\\/clar-life-maidir-le-hathchoiriu-machair\\\/#primaryimage\"},\"thumbnailUrl\":\"https:\\\/\\\/www.lifeonmachair.ie\\\/wp-content\\\/uploads\\\/2023\\\/04\\\/lurga2-scaled.jpg\",\"datePublished\":\"2023-03-09T12:10:43+00:00\",\"dateModified\":\"2025-01-10T11:21:38+00:00\",\"breadcrumb\":{\"@id\":\"https:\\\/\\\/www.lifeonmachair.ie\\\/ga\\\/gniomhaiochtai-an-tionscadail\\\/clar-life-maidir-le-hathchoiriu-machair\\\/#breadcrumb\"},\"inLanguage\":\"ga-IE\",\"potentialAction\":[{\"@type\":\"ReadAction\",\"target\":[\"https:\\\/\\\/www.lifeonmachair.ie\\\/ga\\\/gniomhaiochtai-an-tionscadail\\\/clar-life-maidir-le-hathchoiriu-machair\\\/\"]}]},{\"@type\":\"ImageObject\",\"inLanguage\":\"ga-IE\",\"@id\":\"https:\\\/\\\/www.lifeonmachair.ie\\\/ga\\\/gniomhaiochtai-an-tionscadail\\\/clar-life-maidir-le-hathchoiriu-machair\\\/#primaryimage\",\"url\":\"https:\\\/\\\/www.lifeonmachair.ie\\\/wp-content\\\/uploads\\\/2023\\\/04\\\/lurga2-scaled.jpg\",\"contentUrl\":\"https:\\\/\\\/www.lifeonmachair.ie\\\/wp-content\\\/uploads\\\/2023\\\/04\\\/lurga2-scaled.jpg\",\"width\":2560,\"height\":1920,\"caption\":\"Lurga\"},{\"@type\":\"BreadcrumbList\",\"@id\":\"https:\\\/\\\/www.lifeonmachair.ie\\\/ga\\\/gniomhaiochtai-an-tionscadail\\\/clar-life-maidir-le-hathchoiriu-machair\\\/#breadcrumb\",\"itemListElement\":[{\"@type\":\"ListItem\",\"position\":1,\"name\":\"Home\",\"item\":\"https:\\\/\\\/www.lifeonmachair.ie\\\/ga\\\/\"},{\"@type\":\"ListItem\",\"position\":2,\"name\":\"Gn\u00edomha\u00edochta\u00ed an Tionscadail\",\"item\":\"https:\\\/\\\/www.lifeonmachair.ie\\\/ga\\\/gniomhaiochtai-an-tionscadail\\\/\"},{\"@type\":\"ListItem\",\"position\":3,\"name\":\"Cl\u00e1r LIFE maidir le hAthch\u00f3iri\u00fa Machair\"}]},{\"@type\":\"WebSite\",\"@id\":\"https:\\\/\\\/www.lifeonmachair.ie\\\/ga\\\/#website\",\"url\":\"https:\\\/\\\/www.lifeonmachair.ie\\\/ga\\\/\",\"name\":\"LIFE ar Mhacaire\",\"description\":\"\",\"publisher\":{\"@id\":\"https:\\\/\\\/www.lifeonmachair.ie\\\/ga\\\/#organization\"},\"potentialAction\":[{\"@type\":\"SearchAction\",\"target\":{\"@type\":\"EntryPoint\",\"urlTemplate\":\"https:\\\/\\\/www.lifeonmachair.ie\\\/ga\\\/?s={search_term_string}\"},\"query-input\":{\"@type\":\"PropertyValueSpecification\",\"valueRequired\":true,\"valueName\":\"search_term_string\"}}],\"inLanguage\":\"ga-IE\"},{\"@type\":\"Organization\",\"@id\":\"https:\\\/\\\/www.lifeonmachair.ie\\\/ga\\\/#organization\",\"name\":\"Department of Housing, Local Government and Heritage\",\"url\":\"https:\\\/\\\/www.lifeonmachair.ie\\\/ga\\\/\",\"logo\":{\"@type\":\"ImageObject\",\"inLanguage\":\"ga-IE\",\"@id\":\"https:\\\/\\\/www.lifeonmachair.ie\\\/ga\\\/#\\\/schema\\\/logo\\\/image\\\/\",\"url\":\"https:\\\/\\\/www.lifeonmachair.ie\\\/wp-content\\\/uploads\\\/2025\\\/09\\\/life-on-machair-logo.jpg\",\"contentUrl\":\"https:\\\/\\\/www.lifeonmachair.ie\\\/wp-content\\\/uploads\\\/2025\\\/09\\\/life-on-machair-logo.jpg\",\"width\":1962,\"height\":772,\"caption\":\"Department of Housing, Local Government and Heritage\"},\"image\":{\"@id\":\"https:\\\/\\\/www.lifeonmachair.ie\\\/ga\\\/#\\\/schema\\\/logo\\\/image\\\/\"},\"sameAs\":[\"https:\\\/\\\/www.facebook.com\\\/profile.php?id=100086060573760\",\"https:\\\/\\\/x.com\\\/LIFEonMachair\"]}]}<\/script>\n<!-- \/ Yoast SEO plugin. -->","yoast_head_json":{"title":"Cl\u00e1r LIFE maidir le hAthch\u00f3iri\u00fa Machair - LIFE ar Mhacaire","robots":{"index":"index","follow":"follow","max-snippet":"max-snippet:-1","max-image-preview":"max-image-preview:large","max-video-preview":"max-video-preview:-1"},"canonical":"https:\/\/www.lifeonmachair.ie\/ga\/gniomhaiochtai-an-tionscadail\/clar-life-maidir-le-hathchoiriu-machair\/","og_locale":"ga_IE","og_type":"article","og_title":"Cl\u00e1r LIFE maidir le hAthch\u00f3iri\u00fa Machair - LIFE ar Mhacaire","og_description":"I m\u00ed an Mh\u00e1rta 2023, tosa\u00edonn tionscadal LIFE maidir le Machair ag p\u00edol\u00f3t\u00fa cl\u00e1r \u00edoca\u00edochta rannph\u00e1irt\u00edochta feirmeoir\u00ed, Cl\u00e1r LIFE maidir le hAthch\u00f3iri\u00fa Machair, ina mbeidh pr\u00f3iseas rannph\u00e1irt\u00edochta le pobail feirmeoireachta sna sprioclimist\u00e9ir tionscadail le linn thr\u00e9imhse an tionscadail. Beidh sceideal bliant\u00fail na n-imeachta\u00ed plean\u00e1la agus na gceardlann oili\u00fana bunaithe ar na nithe seo a leanas [&hellip;]","og_url":"https:\/\/www.lifeonmachair.ie\/ga\/gniomhaiochtai-an-tionscadail\/clar-life-maidir-le-hathchoiriu-machair\/","og_site_name":"LIFE ar Mhacaire","article_publisher":"https:\/\/www.facebook.com\/profile.php?id=100086060573760","article_modified_time":"2025-01-10T11:21:38+00:00","og_image":[{"width":2560,"height":1920,"url":"https:\/\/www.lifeonmachair.ie\/wp-content\/uploads\/2023\/04\/lurga2-scaled.jpg","type":"image\/jpeg"}],"twitter_card":"summary_large_image","twitter_site":"@LIFEonMachair","twitter_misc":{"Est. reading time":"2 minutes"},"schema":{"@context":"https:\/\/schema.org","@graph":[{"@type":"WebPage","@id":"https:\/\/www.lifeonmachair.ie\/ga\/gniomhaiochtai-an-tionscadail\/clar-life-maidir-le-hathchoiriu-machair\/","url":"https:\/\/www.lifeonmachair.ie\/ga\/gniomhaiochtai-an-tionscadail\/clar-life-maidir-le-hathchoiriu-machair\/","name":"Cl\u00e1r LIFE maidir le hAthch\u00f3iri\u00fa Machair - LIFE ar Mhacaire","isPartOf":{"@id":"https:\/\/www.lifeonmachair.ie\/ga\/#website"},"primaryImageOfPage":{"@id":"https:\/\/www.lifeonmachair.ie\/ga\/gniomhaiochtai-an-tionscadail\/clar-life-maidir-le-hathchoiriu-machair\/#primaryimage"},"image":{"@id":"https:\/\/www.lifeonmachair.ie\/ga\/gniomhaiochtai-an-tionscadail\/clar-life-maidir-le-hathchoiriu-machair\/#primaryimage"},"thumbnailUrl":"https:\/\/www.lifeonmachair.ie\/wp-content\/uploads\/2023\/04\/lurga2-scaled.jpg","datePublished":"2023-03-09T12:10:43+00:00","dateModified":"2025-01-10T11:21:38+00:00","breadcrumb":{"@id":"https:\/\/www.lifeonmachair.ie\/ga\/gniomhaiochtai-an-tionscadail\/clar-life-maidir-le-hathchoiriu-machair\/#breadcrumb"},"inLanguage":"ga-IE","potentialAction":[{"@type":"ReadAction","target":["https:\/\/www.lifeonmachair.ie\/ga\/gniomhaiochtai-an-tionscadail\/clar-life-maidir-le-hathchoiriu-machair\/"]}]},{"@type":"ImageObject","inLanguage":"ga-IE","@id":"https:\/\/www.lifeonmachair.ie\/ga\/gniomhaiochtai-an-tionscadail\/clar-life-maidir-le-hathchoiriu-machair\/#primaryimage","url":"https:\/\/www.lifeonmachair.ie\/wp-content\/uploads\/2023\/04\/lurga2-scaled.jpg","contentUrl":"https:\/\/www.lifeonmachair.ie\/wp-content\/uploads\/2023\/04\/lurga2-scaled.jpg","width":2560,"height":1920,"caption":"Lurga"},{"@type":"BreadcrumbList","@id":"https:\/\/www.lifeonmachair.ie\/ga\/gniomhaiochtai-an-tionscadail\/clar-life-maidir-le-hathchoiriu-machair\/#breadcrumb","itemListElement":[{"@type":"ListItem","position":1,"name":"Home","item":"https:\/\/www.lifeonmachair.ie\/ga\/"},{"@type":"ListItem","position":2,"name":"Gn\u00edomha\u00edochta\u00ed an Tionscadail","item":"https:\/\/www.lifeonmachair.ie\/ga\/gniomhaiochtai-an-tionscadail\/"},{"@type":"ListItem","position":3,"name":"Cl\u00e1r LIFE maidir le hAthch\u00f3iri\u00fa Machair"}]},{"@type":"WebSite","@id":"https:\/\/www.lifeonmachair.ie\/ga\/#website","url":"https:\/\/www.lifeonmachair.ie\/ga\/","name":"LIFE ar Mhacaire","description":"","publisher":{"@id":"https:\/\/www.lifeonmachair.ie\/ga\/#organization"},"potentialAction":[{"@type":"SearchAction","target":{"@type":"EntryPoint","urlTemplate":"https:\/\/www.lifeonmachair.ie\/ga\/?s={search_term_string}"},"query-input":{"@type":"PropertyValueSpecification","valueRequired":true,"valueName":"search_term_string"}}],"inLanguage":"ga-IE"},{"@type":"Organization","@id":"https:\/\/www.lifeonmachair.ie\/ga\/#organization","name":"Department of Housing, Local Government and Heritage","url":"https:\/\/www.lifeonmachair.ie\/ga\/","logo":{"@type":"ImageObject","inLanguage":"ga-IE","@id":"https:\/\/www.lifeonmachair.ie\/ga\/#\/schema\/logo\/image\/","url":"https:\/\/www.lifeonmachair.ie\/wp-content\/uploads\/2025\/09\/life-on-machair-logo.jpg","contentUrl":"https:\/\/www.lifeonmachair.ie\/wp-content\/uploads\/2025\/09\/life-on-machair-logo.jpg","width":1962,"height":772,"caption":"Department of Housing, Local Government and Heritage"},"image":{"@id":"https:\/\/www.lifeonmachair.ie\/ga\/#\/schema\/logo\/image\/"},"sameAs":["https:\/\/www.facebook.com\/profile.php?id=100086060573760","https:\/\/x.com\/LIFEonMachair"]}]}},"_links":{"self":[{"href":"https:\/\/www.lifeonmachair.ie\/ga\/wp-json\/wp\/v2\/pages\/1360","targetHints":{"allow":["GET"]}}],"collection":[{"href":"https:\/\/www.lifeonmachair.ie\/ga\/wp-json\/wp\/v2\/pages"}],"about":[{"href":"https:\/\/www.lifeonmachair.ie\/ga\/wp-json\/wp\/v2\/types\/page"}],"author":[{"embeddable":true,"href":"https:\/\/www.lifeonmachair.ie\/ga\/wp-json\/wp\/v2\/users\/1"}],"replies":[{"embeddable":true,"href":"https:\/\/www.lifeonmachair.ie\/ga\/wp-json\/wp\/v2\/comments?post=1360"}],"version-history":[{"count":5,"href":"https:\/\/www.lifeonmachair.ie\/ga\/wp-json\/wp\/v2\/pages\/1360\/revisions"}],"predecessor-version":[{"id":1983,"href":"https:\/\/www.lifeonmachair.ie\/ga\/wp-json\/wp\/v2\/pages\/1360\/revisions\/1983"}],"up":[{"embeddable":true,"href":"https:\/\/www.lifeonmachair.ie\/ga\/wp-json\/wp\/v2\/pages\/1333"}],"wp:featuredmedia":[{"embeddable":true,"href":"https:\/\/www.lifeonmachair.ie\/ga\/wp-json\/wp\/v2\/media\/1472"}],"wp:attachment":[{"href":"https:\/\/www.lifeonmachair.ie\/ga\/wp-json\/wp\/v2\/media?parent=1360"}],"curies":[{"name":"wp","href":"https:\/\/api.w.org\/{rel}","templated":true}]}}