{"id":1356,"date":"2023-02-21T15:29:15","date_gmt":"2023-02-21T15:29:15","guid":{"rendered":"https:\/\/www.lifeonmachair.ie\/limisteir-an-tionscadail\/manainn-bheag-coimpleasc-dun-lochain\/"},"modified":"2023-04-13T11:20:40","modified_gmt":"2023-04-13T11:20:40","slug":"manainn-bheag-coimpleasc-dun-lochain","status":"publish","type":"page","link":"https:\/\/www.lifeonmachair.ie\/ga\/limisteir-an-tionscadail\/manainn-bheag-coimpleasc-dun-lochain\/","title":{"rendered":"Manainn Bheag &amp; Coimpl\u00e9asc D\u00fan Loch\u00e1in"},"content":{"rendered":"\n<div class=\"wp-block-columns is-layout-flex wp-container-core-columns-is-layout-28f84493 wp-block-columns-is-layout-flex\">\n<div class=\"wp-block-column is-layout-flow wp-block-column-is-layout-flow\" style=\"flex-basis:66.66%\">\n<p>Manainn Bheag , D\u00fan Loch\u00e1in and Troscaigh (mar chuid de <a href=\"https:\/\/www.npws.ie\/protected-sites\/sac\/002074\">SAC Leithinis Cheann L\u00e9ime<\/a>)<\/p>\n\n\n\n<p>T\u00e1 t\u00e1bhacht \u00e9iceola\u00edoch ag baint leis an l\u00e1ithre\u00e1n seo do raon agus d\u2019\u00e9ags\u00falacht a ghn\u00e1th\u00f3ga leathn\u00e1d\u00fartha, agus t\u00e1 go leor acu liostaithe in Iarscr\u00edbhinn I den Treoir um Ghn\u00e1th\u00f3ga. D\u00edr\u00edonn an sprioclimist\u00e9ar tionscadail LIFE maidir le Machair ar na coim\u00edneachta\u00ed a bhaineann le D\u00fan Loch\u00e1in, Troscaigh agus Manainn Bheag. C\u00e9 go mb\u00edonn br\u00fanna talmha\u00edochta s\u00e1ch ard in \u00e1iteanna, is \u00ed an turas\u00f3ireacht an pr\u00edomhbhr\u00fa agus th\u00e1inig m\u00e9ad\u00fa suntasach ar l\u00edon na ndaoine a thugann cuairt ar an l\u00e1ithre\u00e1n \u00f3 l\u00e1r na n-2010id\u00ed.<\/p>\n\n\n\n<p>T\u00e1 aird ar leith ar na haistrithe sl\u00e1na idir dumhcha cailcreacha, Machair, fraochmh\u00e1 agus pobail f\u00e9arthailte, agus t\u00e1 ilchine\u00e1lacht gn\u00e1th\u00f3ige den chine\u00e1l sin ar sc\u00e1la beag luachmhar le haghaidh lapaire ph\u00f3r\u00fach\u00e1in agus pailneoir\u00ed.<\/p>\n\n\n\n<p>Taca\u00edonn an c\u00f3ras Machair, lena n-\u00e1ir\u00edtear limist\u00e9ir de riasc fliuch, le raon speiceas p\u00f3r\u00fach\u00e1in, geimhridh agus \u00e9an pas\u00e1iste. T\u00e1 \u00e9ags\u00falacht ag baint le limist\u00e9ar Dhumha an Locha, at\u00e1 suite i l\u00e1r an SAC, ina th\u00e1bhacht agus ina luach d&#8217; lapaire ph\u00f3r\u00fach\u00e1in. Sa bhliain 1985, n\u00ed raibh ach ocht bp\u00e9ire lapaire ph\u00f3r\u00fach\u00e1in i l\u00e1thair agus i 1996 n\u00edor taifeadadh aon lapaire ph\u00f3r\u00fach\u00e1inar an l\u00e1thair. Mar sin f\u00e9in, t\u00e1 m\u00e9ad\u00fa suntasach tagtha ar l\u00edon na ndaoine \u00f3 1996 i leith, agus taifeadadh 17 bp\u00e9ire in 2009 agus 35 ph\u00e9ire in 2019. Is \u00e9 an t-ard\u00fa ar phobail ioml\u00e1n na n-iasc p\u00f3r\u00fach\u00e1in is c\u00fais leis an m\u00e9ad\u00fa ar phobail na Pilib\u00edn, \u00f3 ch\u00faig ph\u00e9ire in 2009 go 33 ph\u00e9ire in 2019. Ba \u00e9 Naoscach (dh\u00e1 ph\u00e9ire) an t-aon speiceas eile a taifeadadh in 2019. C\u00e9 go dtaca\u00edonn D\u00fan Loch\u00e1in le h\u00e9ags\u00falacht r\u00e9as\u00fanta \u00edseal d\u2019lapaire ph\u00f3r\u00fach\u00e1in, t\u00e1 c. 6% den phobal p\u00f3r\u00fach\u00e1in n\u00e1isi\u00fanta eile sa 33 ph\u00e9ire lapaireachta at\u00e1 i l\u00e1thair in 2019. T\u00e1 an limist\u00e9ar at\u00e1 t\u00e1bhachtach go pr\u00edomha do ph\u00e9ir\u00ed p\u00f3r\u00fach\u00e1in laistigh den su\u00edomh seo f\u00f3s ag teacht le ch\u00e9ile ar fud na suirbh\u00e9anna, agus is fearr le formh\u00f3r na n-\u00e9an limist\u00e9ar riasc fliuch ar imeall mhachaire na Machair.<\/p>\n\n\n\n<p>In ainneoin dian-innilt, sol\u00e1thra\u00edonn an su\u00edomh m\u00f3s\u00e1ic de microhabitats agus coinn\u00edonn luach do inveirteabraigh. I measc na speiceas pailneoir\u00ed a taifeadadh \u00f3n su\u00edomh seo agus a st\u00e1das ar Liosta Dearg speiceas na h\u00c9ireann t\u00e1:<\/p>\n\n\n\n<p>Faoi bhagairt: Fraoch\u00e1n beag (<em>Coenonympha pamphilus<\/em>), Bumb\u00f3g M\u00f3r Dheirg-Eireaballach (<em>Bombus lapidarius<\/em>), Beach-Moss Carder (<em>Bombus muscorum<\/em>)**<\/p>\n\n\n\n<p>I gcont\u00fairt: Beach chard\u00e1la earr-rua (<em>Bombus ruderarius<\/em>), Beach phl\u00e1str\u00e1la thuaisceartach. (<em>Colletes floralis<\/em>)**<\/p>\n\n\n\n<p>I mbaol: gorm\u00e1n beag (<em>Cupido minimus<\/em>), Bumb\u00f3g bhu\u00ed mh\u00f3r (<em>Lasiommata megera<\/em>), Bumb\u00f3g chuaiche earr-rua (<em>Bombus rupestris<\/em>), Beach-Shrill Carder (<em>Bombus sylvarum<\/em>), Bumb\u00f3g bhu\u00ed mh\u00f3r (<em>Bombus distinguendus<\/em>)<\/p>\n\n\n\n<p>** liostaithe mar &#8220;i gcont\u00fairt&#8221; ar leibh\u00e9al Eorpach.<\/p>\n<\/div>\n\n\n\n<div class=\"wp-block-column is-layout-flow wp-block-column-is-layout-flow\" style=\"flex-basis:33.33%\">\n<figure class=\"wp-block-image size-large\"><a href=\"https:\/\/www.lifeonmachair.ie\/wp-content\/uploads\/2023\/04\/doonloughan-alternative-edited-scaled.jpg\"><img loading=\"lazy\" decoding=\"async\" width=\"2560\" height=\"2560\" src=\"https:\/\/www.lifeonmachair.ie\/wp-content\/uploads\/2023\/04\/doonloughan-alternative-edited-scaled.jpg\" alt=\"D&#xFA;n Loch&#xE1;in\" class=\"wp-image-1572\" srcset=\"https:\/\/www.lifeonmachair.ie\/wp-content\/uploads\/2023\/04\/doonloughan-alternative-edited-scaled.jpg 2560w, https:\/\/www.lifeonmachair.ie\/wp-content\/uploads\/2023\/04\/doonloughan-alternative-edited-300x300.jpg 300w, https:\/\/www.lifeonmachair.ie\/wp-content\/uploads\/2023\/04\/doonloughan-alternative-edited-1024x1024.jpg 1024w, https:\/\/www.lifeonmachair.ie\/wp-content\/uploads\/2023\/04\/doonloughan-alternative-edited-150x150.jpg 150w, https:\/\/www.lifeonmachair.ie\/wp-content\/uploads\/2023\/04\/doonloughan-alternative-edited-768x768.jpg 768w, https:\/\/www.lifeonmachair.ie\/wp-content\/uploads\/2023\/04\/doonloughan-alternative-edited-1536x1536.jpg 1536w, https:\/\/www.lifeonmachair.ie\/wp-content\/uploads\/2023\/04\/doonloughan-alternative-edited-2048x2048.jpg 2048w\" sizes=\"auto, (max-width: 2560px) 100vw, 2560px\" \/><\/a><figcaption class=\"wp-element-caption\">D\u00fan Loch\u00e1in<\/figcaption><\/figure>\n<\/div>\n<\/div>\n","protected":false},"excerpt":{"rendered":"<p>Manainn Bheag , D\u00fan Loch\u00e1in and Troscaigh (mar chuid de SAC Leithinis Cheann L\u00e9ime) T\u00e1 t\u00e1bhacht \u00e9iceola\u00edoch ag baint leis an l\u00e1ithre\u00e1n seo do raon agus d\u2019\u00e9ags\u00falacht a ghn\u00e1th\u00f3ga leathn\u00e1d\u00fartha, agus t\u00e1 go leor acu liostaithe in Iarscr\u00edbhinn I den Treoir um Ghn\u00e1th\u00f3ga. D\u00edr\u00edonn an sprioclimist\u00e9ar tionscadail LIFE maidir le Machair ar na coim\u00edneachta\u00ed a [&hellip;]<\/p>\n","protected":false},"author":1,"featured_media":1571,"parent":1340,"menu_order":0,"comment_status":"closed","ping_status":"closed","template":"","meta":{"site-sidebar-layout":"default","site-content-layout":"","ast-site-content-layout":"default","site-content-style":"default","site-sidebar-style":"default","ast-global-header-display":"","ast-banner-title-visibility":"","ast-main-header-display":"","ast-hfb-above-header-display":"","ast-hfb-below-header-display":"","ast-hfb-mobile-header-display":"","site-post-title":"","ast-breadcrumbs-content":"","ast-featured-img":"","footer-sml-layout":"","ast-disable-related-posts":"","theme-transparent-header-meta":"","adv-header-id-meta":"","stick-header-meta":"","header-above-stick-meta":"","header-main-stick-meta":"","header-below-stick-meta":"","astra-migrate-meta-layouts":"default","ast-page-background-enabled":"default","ast-page-background-meta":{"desktop":{"background-color":"var(--ast-global-color-4)","background-image":"","background-repeat":"repeat","background-position":"center center","background-size":"auto","background-attachment":"scroll","background-type":"","background-media":"","overlay-type":"","overlay-color":"","overlay-opacity":"","overlay-gradient":""},"tablet":{"background-color":"","background-image":"","background-repeat":"repeat","background-position":"center center","background-size":"auto","background-attachment":"scroll","background-type":"","background-media":"","overlay-type":"","overlay-color":"","overlay-opacity":"","overlay-gradient":""},"mobile":{"background-color":"","background-image":"","background-repeat":"repeat","background-position":"center center","background-size":"auto","background-attachment":"scroll","background-type":"","background-media":"","overlay-type":"","overlay-color":"","overlay-opacity":"","overlay-gradient":""}},"ast-content-background-meta":{"desktop":{"background-color":"var(--ast-global-color-5)","background-image":"","background-repeat":"repeat","background-position":"center center","background-size":"auto","background-attachment":"scroll","background-type":"","background-media":"","overlay-type":"","overlay-color":"","overlay-opacity":"","overlay-gradient":""},"tablet":{"background-color":"var(--ast-global-color-5)","background-image":"","background-repeat":"repeat","background-position":"center center","background-size":"auto","background-attachment":"scroll","background-type":"","background-media":"","overlay-type":"","overlay-color":"","overlay-opacity":"","overlay-gradient":""},"mobile":{"background-color":"var(--ast-global-color-5)","background-image":"","background-repeat":"repeat","background-position":"center center","background-size":"auto","background-attachment":"scroll","background-type":"","background-media":"","overlay-type":"","overlay-color":"","overlay-opacity":"","overlay-gradient":""}},"footnotes":""},"class_list":["post-1356","page","type-page","status-publish","has-post-thumbnail","hentry"],"yoast_head":"<!-- This site is optimized with the Yoast SEO plugin v27.5 - https:\/\/yoast.com\/product\/yoast-seo-wordpress\/ -->\n<title>Manainn Bheag &amp; Coimpl\u00e9asc D\u00fan Loch\u00e1in - LIFE ar Mhacaire<\/title>\n<meta name=\"robots\" content=\"index, follow, max-snippet:-1, max-image-preview:large, max-video-preview:-1\" \/>\n<link rel=\"canonical\" href=\"https:\/\/www.lifeonmachair.ie\/ga\/limisteir-an-tionscadail\/manainn-bheag-coimpleasc-dun-lochain\/\" \/>\n<meta property=\"og:locale\" content=\"ga_IE\" \/>\n<meta property=\"og:type\" content=\"article\" \/>\n<meta property=\"og:title\" content=\"Manainn Bheag &amp; Coimpl\u00e9asc D\u00fan Loch\u00e1in - LIFE ar Mhacaire\" \/>\n<meta property=\"og:description\" content=\"Manainn Bheag , D\u00fan Loch\u00e1in and Troscaigh (mar chuid de SAC Leithinis Cheann L\u00e9ime) T\u00e1 t\u00e1bhacht \u00e9iceola\u00edoch ag baint leis an l\u00e1ithre\u00e1n seo do raon agus d\u2019\u00e9ags\u00falacht a ghn\u00e1th\u00f3ga leathn\u00e1d\u00fartha, agus t\u00e1 go leor acu liostaithe in Iarscr\u00edbhinn I den Treoir um Ghn\u00e1th\u00f3ga. D\u00edr\u00edonn an sprioclimist\u00e9ar tionscadail LIFE maidir le Machair ar na coim\u00edneachta\u00ed a [&hellip;]\" \/>\n<meta property=\"og:url\" content=\"https:\/\/www.lifeonmachair.ie\/ga\/limisteir-an-tionscadail\/manainn-bheag-coimpleasc-dun-lochain\/\" \/>\n<meta property=\"og:site_name\" content=\"LIFE ar Mhacaire\" \/>\n<meta property=\"article:publisher\" content=\"https:\/\/www.facebook.com\/profile.php?id=100086060573760\" \/>\n<meta property=\"article:modified_time\" content=\"2023-04-13T11:20:40+00:00\" \/>\n<meta property=\"og:image\" content=\"https:\/\/www.lifeonmachair.ie\/wp-content\/uploads\/2023\/04\/doonloughan-alternative-scaled.jpg\" \/>\n\t<meta property=\"og:image:width\" content=\"2560\" \/>\n\t<meta property=\"og:image:height\" content=\"1920\" \/>\n\t<meta property=\"og:image:type\" content=\"image\/jpeg\" \/>\n<meta name=\"twitter:card\" content=\"summary_large_image\" \/>\n<meta name=\"twitter:site\" content=\"@LIFEonMachair\" \/>\n<meta name=\"twitter:label1\" content=\"Est. reading time\" \/>\n\t<meta name=\"twitter:data1\" content=\"3 minutes\" \/>\n<script type=\"application\/ld+json\" class=\"yoast-schema-graph\">{\"@context\":\"https:\\\/\\\/schema.org\",\"@graph\":[{\"@type\":\"WebPage\",\"@id\":\"https:\\\/\\\/www.lifeonmachair.ie\\\/ga\\\/limisteir-an-tionscadail\\\/manainn-bheag-coimpleasc-dun-lochain\\\/\",\"url\":\"https:\\\/\\\/www.lifeonmachair.ie\\\/ga\\\/limisteir-an-tionscadail\\\/manainn-bheag-coimpleasc-dun-lochain\\\/\",\"name\":\"Manainn Bheag &amp; Coimpl\u00e9asc D\u00fan Loch\u00e1in - LIFE ar Mhacaire\",\"isPartOf\":{\"@id\":\"https:\\\/\\\/www.lifeonmachair.ie\\\/ga\\\/#website\"},\"primaryImageOfPage\":{\"@id\":\"https:\\\/\\\/www.lifeonmachair.ie\\\/ga\\\/limisteir-an-tionscadail\\\/manainn-bheag-coimpleasc-dun-lochain\\\/#primaryimage\"},\"image\":{\"@id\":\"https:\\\/\\\/www.lifeonmachair.ie\\\/ga\\\/limisteir-an-tionscadail\\\/manainn-bheag-coimpleasc-dun-lochain\\\/#primaryimage\"},\"thumbnailUrl\":\"https:\\\/\\\/www.lifeonmachair.ie\\\/wp-content\\\/uploads\\\/2023\\\/04\\\/doonloughan-alternative-scaled.jpg\",\"datePublished\":\"2023-02-21T15:29:15+00:00\",\"dateModified\":\"2023-04-13T11:20:40+00:00\",\"breadcrumb\":{\"@id\":\"https:\\\/\\\/www.lifeonmachair.ie\\\/ga\\\/limisteir-an-tionscadail\\\/manainn-bheag-coimpleasc-dun-lochain\\\/#breadcrumb\"},\"inLanguage\":\"ga-IE\",\"potentialAction\":[{\"@type\":\"ReadAction\",\"target\":[\"https:\\\/\\\/www.lifeonmachair.ie\\\/ga\\\/limisteir-an-tionscadail\\\/manainn-bheag-coimpleasc-dun-lochain\\\/\"]}]},{\"@type\":\"ImageObject\",\"inLanguage\":\"ga-IE\",\"@id\":\"https:\\\/\\\/www.lifeonmachair.ie\\\/ga\\\/limisteir-an-tionscadail\\\/manainn-bheag-coimpleasc-dun-lochain\\\/#primaryimage\",\"url\":\"https:\\\/\\\/www.lifeonmachair.ie\\\/wp-content\\\/uploads\\\/2023\\\/04\\\/doonloughan-alternative-scaled.jpg\",\"contentUrl\":\"https:\\\/\\\/www.lifeonmachair.ie\\\/wp-content\\\/uploads\\\/2023\\\/04\\\/doonloughan-alternative-scaled.jpg\",\"width\":2560,\"height\":1920,\"caption\":\"Doonloughan\"},{\"@type\":\"BreadcrumbList\",\"@id\":\"https:\\\/\\\/www.lifeonmachair.ie\\\/ga\\\/limisteir-an-tionscadail\\\/manainn-bheag-coimpleasc-dun-lochain\\\/#breadcrumb\",\"itemListElement\":[{\"@type\":\"ListItem\",\"position\":1,\"name\":\"Home\",\"item\":\"https:\\\/\\\/www.lifeonmachair.ie\\\/ga\\\/\"},{\"@type\":\"ListItem\",\"position\":2,\"name\":\"Limist\u00e9ir an Tionscadail\",\"item\":\"https:\\\/\\\/www.lifeonmachair.ie\\\/ga\\\/project-areas\\\/\"},{\"@type\":\"ListItem\",\"position\":3,\"name\":\"Manainn Bheag &amp; Coimpl\u00e9asc D\u00fan Loch\u00e1in\"}]},{\"@type\":\"WebSite\",\"@id\":\"https:\\\/\\\/www.lifeonmachair.ie\\\/ga\\\/#website\",\"url\":\"https:\\\/\\\/www.lifeonmachair.ie\\\/ga\\\/\",\"name\":\"LIFE ar Mhacaire\",\"description\":\"\",\"publisher\":{\"@id\":\"https:\\\/\\\/www.lifeonmachair.ie\\\/ga\\\/#organization\"},\"potentialAction\":[{\"@type\":\"SearchAction\",\"target\":{\"@type\":\"EntryPoint\",\"urlTemplate\":\"https:\\\/\\\/www.lifeonmachair.ie\\\/ga\\\/?s={search_term_string}\"},\"query-input\":{\"@type\":\"PropertyValueSpecification\",\"valueRequired\":true,\"valueName\":\"search_term_string\"}}],\"inLanguage\":\"ga-IE\"},{\"@type\":\"Organization\",\"@id\":\"https:\\\/\\\/www.lifeonmachair.ie\\\/ga\\\/#organization\",\"name\":\"Department of Housing, Local Government and Heritage\",\"url\":\"https:\\\/\\\/www.lifeonmachair.ie\\\/ga\\\/\",\"logo\":{\"@type\":\"ImageObject\",\"inLanguage\":\"ga-IE\",\"@id\":\"https:\\\/\\\/www.lifeonmachair.ie\\\/ga\\\/#\\\/schema\\\/logo\\\/image\\\/\",\"url\":\"https:\\\/\\\/www.lifeonmachair.ie\\\/wp-content\\\/uploads\\\/2025\\\/09\\\/life-on-machair-logo.jpg\",\"contentUrl\":\"https:\\\/\\\/www.lifeonmachair.ie\\\/wp-content\\\/uploads\\\/2025\\\/09\\\/life-on-machair-logo.jpg\",\"width\":1962,\"height\":772,\"caption\":\"Department of Housing, Local Government and Heritage\"},\"image\":{\"@id\":\"https:\\\/\\\/www.lifeonmachair.ie\\\/ga\\\/#\\\/schema\\\/logo\\\/image\\\/\"},\"sameAs\":[\"https:\\\/\\\/www.facebook.com\\\/profile.php?id=100086060573760\",\"https:\\\/\\\/x.com\\\/LIFEonMachair\"]}]}<\/script>\n<!-- \/ Yoast SEO plugin. -->","yoast_head_json":{"title":"Manainn Bheag &amp; Coimpl\u00e9asc D\u00fan Loch\u00e1in - LIFE ar Mhacaire","robots":{"index":"index","follow":"follow","max-snippet":"max-snippet:-1","max-image-preview":"max-image-preview:large","max-video-preview":"max-video-preview:-1"},"canonical":"https:\/\/www.lifeonmachair.ie\/ga\/limisteir-an-tionscadail\/manainn-bheag-coimpleasc-dun-lochain\/","og_locale":"ga_IE","og_type":"article","og_title":"Manainn Bheag &amp; Coimpl\u00e9asc D\u00fan Loch\u00e1in - LIFE ar Mhacaire","og_description":"Manainn Bheag , D\u00fan Loch\u00e1in and Troscaigh (mar chuid de SAC Leithinis Cheann L\u00e9ime) T\u00e1 t\u00e1bhacht \u00e9iceola\u00edoch ag baint leis an l\u00e1ithre\u00e1n seo do raon agus d\u2019\u00e9ags\u00falacht a ghn\u00e1th\u00f3ga leathn\u00e1d\u00fartha, agus t\u00e1 go leor acu liostaithe in Iarscr\u00edbhinn I den Treoir um Ghn\u00e1th\u00f3ga. D\u00edr\u00edonn an sprioclimist\u00e9ar tionscadail LIFE maidir le Machair ar na coim\u00edneachta\u00ed a [&hellip;]","og_url":"https:\/\/www.lifeonmachair.ie\/ga\/limisteir-an-tionscadail\/manainn-bheag-coimpleasc-dun-lochain\/","og_site_name":"LIFE ar Mhacaire","article_publisher":"https:\/\/www.facebook.com\/profile.php?id=100086060573760","article_modified_time":"2023-04-13T11:20:40+00:00","og_image":[{"width":2560,"height":1920,"url":"https:\/\/www.lifeonmachair.ie\/wp-content\/uploads\/2023\/04\/doonloughan-alternative-scaled.jpg","type":"image\/jpeg"}],"twitter_card":"summary_large_image","twitter_site":"@LIFEonMachair","twitter_misc":{"Est. reading time":"3 minutes"},"schema":{"@context":"https:\/\/schema.org","@graph":[{"@type":"WebPage","@id":"https:\/\/www.lifeonmachair.ie\/ga\/limisteir-an-tionscadail\/manainn-bheag-coimpleasc-dun-lochain\/","url":"https:\/\/www.lifeonmachair.ie\/ga\/limisteir-an-tionscadail\/manainn-bheag-coimpleasc-dun-lochain\/","name":"Manainn Bheag &amp; Coimpl\u00e9asc D\u00fan Loch\u00e1in - LIFE ar Mhacaire","isPartOf":{"@id":"https:\/\/www.lifeonmachair.ie\/ga\/#website"},"primaryImageOfPage":{"@id":"https:\/\/www.lifeonmachair.ie\/ga\/limisteir-an-tionscadail\/manainn-bheag-coimpleasc-dun-lochain\/#primaryimage"},"image":{"@id":"https:\/\/www.lifeonmachair.ie\/ga\/limisteir-an-tionscadail\/manainn-bheag-coimpleasc-dun-lochain\/#primaryimage"},"thumbnailUrl":"https:\/\/www.lifeonmachair.ie\/wp-content\/uploads\/2023\/04\/doonloughan-alternative-scaled.jpg","datePublished":"2023-02-21T15:29:15+00:00","dateModified":"2023-04-13T11:20:40+00:00","breadcrumb":{"@id":"https:\/\/www.lifeonmachair.ie\/ga\/limisteir-an-tionscadail\/manainn-bheag-coimpleasc-dun-lochain\/#breadcrumb"},"inLanguage":"ga-IE","potentialAction":[{"@type":"ReadAction","target":["https:\/\/www.lifeonmachair.ie\/ga\/limisteir-an-tionscadail\/manainn-bheag-coimpleasc-dun-lochain\/"]}]},{"@type":"ImageObject","inLanguage":"ga-IE","@id":"https:\/\/www.lifeonmachair.ie\/ga\/limisteir-an-tionscadail\/manainn-bheag-coimpleasc-dun-lochain\/#primaryimage","url":"https:\/\/www.lifeonmachair.ie\/wp-content\/uploads\/2023\/04\/doonloughan-alternative-scaled.jpg","contentUrl":"https:\/\/www.lifeonmachair.ie\/wp-content\/uploads\/2023\/04\/doonloughan-alternative-scaled.jpg","width":2560,"height":1920,"caption":"Doonloughan"},{"@type":"BreadcrumbList","@id":"https:\/\/www.lifeonmachair.ie\/ga\/limisteir-an-tionscadail\/manainn-bheag-coimpleasc-dun-lochain\/#breadcrumb","itemListElement":[{"@type":"ListItem","position":1,"name":"Home","item":"https:\/\/www.lifeonmachair.ie\/ga\/"},{"@type":"ListItem","position":2,"name":"Limist\u00e9ir an Tionscadail","item":"https:\/\/www.lifeonmachair.ie\/ga\/project-areas\/"},{"@type":"ListItem","position":3,"name":"Manainn Bheag &amp; Coimpl\u00e9asc D\u00fan Loch\u00e1in"}]},{"@type":"WebSite","@id":"https:\/\/www.lifeonmachair.ie\/ga\/#website","url":"https:\/\/www.lifeonmachair.ie\/ga\/","name":"LIFE ar Mhacaire","description":"","publisher":{"@id":"https:\/\/www.lifeonmachair.ie\/ga\/#organization"},"potentialAction":[{"@type":"SearchAction","target":{"@type":"EntryPoint","urlTemplate":"https:\/\/www.lifeonmachair.ie\/ga\/?s={search_term_string}"},"query-input":{"@type":"PropertyValueSpecification","valueRequired":true,"valueName":"search_term_string"}}],"inLanguage":"ga-IE"},{"@type":"Organization","@id":"https:\/\/www.lifeonmachair.ie\/ga\/#organization","name":"Department of Housing, Local Government and Heritage","url":"https:\/\/www.lifeonmachair.ie\/ga\/","logo":{"@type":"ImageObject","inLanguage":"ga-IE","@id":"https:\/\/www.lifeonmachair.ie\/ga\/#\/schema\/logo\/image\/","url":"https:\/\/www.lifeonmachair.ie\/wp-content\/uploads\/2025\/09\/life-on-machair-logo.jpg","contentUrl":"https:\/\/www.lifeonmachair.ie\/wp-content\/uploads\/2025\/09\/life-on-machair-logo.jpg","width":1962,"height":772,"caption":"Department of Housing, Local Government and Heritage"},"image":{"@id":"https:\/\/www.lifeonmachair.ie\/ga\/#\/schema\/logo\/image\/"},"sameAs":["https:\/\/www.facebook.com\/profile.php?id=100086060573760","https:\/\/x.com\/LIFEonMachair"]}]}},"_links":{"self":[{"href":"https:\/\/www.lifeonmachair.ie\/ga\/wp-json\/wp\/v2\/pages\/1356","targetHints":{"allow":["GET"]}}],"collection":[{"href":"https:\/\/www.lifeonmachair.ie\/ga\/wp-json\/wp\/v2\/pages"}],"about":[{"href":"https:\/\/www.lifeonmachair.ie\/ga\/wp-json\/wp\/v2\/types\/page"}],"author":[{"embeddable":true,"href":"https:\/\/www.lifeonmachair.ie\/ga\/wp-json\/wp\/v2\/users\/1"}],"replies":[{"embeddable":true,"href":"https:\/\/www.lifeonmachair.ie\/ga\/wp-json\/wp\/v2\/comments?post=1356"}],"version-history":[{"count":2,"href":"https:\/\/www.lifeonmachair.ie\/ga\/wp-json\/wp\/v2\/pages\/1356\/revisions"}],"predecessor-version":[{"id":1588,"href":"https:\/\/www.lifeonmachair.ie\/ga\/wp-json\/wp\/v2\/pages\/1356\/revisions\/1588"}],"up":[{"embeddable":true,"href":"https:\/\/www.lifeonmachair.ie\/ga\/wp-json\/wp\/v2\/pages\/1340"}],"wp:featuredmedia":[{"embeddable":true,"href":"https:\/\/www.lifeonmachair.ie\/ga\/wp-json\/wp\/v2\/media\/1571"}],"wp:attachment":[{"href":"https:\/\/www.lifeonmachair.ie\/ga\/wp-json\/wp\/v2\/media?parent=1356"}],"curies":[{"name":"wp","href":"https:\/\/api.w.org\/{rel}","templated":true}]}}