{"id":1329,"date":"2023-02-21T15:16:44","date_gmt":"2023-02-21T15:16:44","guid":{"rendered":"https:\/\/www.lifeonmachair.ie\/corais-na-machairi\/speicis-eile-mhachaire\/"},"modified":"2023-04-20T08:56:19","modified_gmt":"2023-04-20T08:56:19","slug":"speicis-eile-mhachaire","status":"publish","type":"page","link":"https:\/\/www.lifeonmachair.ie\/ga\/corais-na-machairi\/speicis-eile-mhachaire\/","title":{"rendered":"Speicis Eile Mhachaire"},"content":{"rendered":"\n<div class=\"wp-block-columns is-layout-flex wp-container-core-columns-is-layout-28f84493 wp-block-columns-is-layout-flex\">\n<div class=\"wp-block-column is-layout-flow wp-block-column-is-layout-flow\" style=\"flex-basis:66.66%\">\n<p>C\u00e9 go bhfuil LIFE maidir le Machair d\u00edrithe ar phr\u00edomhgn\u00e1th\u00f3g Machair, ar lapaire ph\u00f3r\u00fach\u00e1in agus ar phailneoir\u00ed, t\u00e1 r\u00e9imse speiceas eile le f\u00e1il i rith na bliana ar na su\u00edomhanna seo.<\/p>\n\n\n\n<h2 class=\"wp-block-heading\">An Geimhreadh<\/h2>\n\n\n\n<p>I m\u00edonna an gheimhridh, t\u00e1 su\u00edomhanna Machair t\u00e1bhachtach d\u2019eala\u00ed agus g\u00e9anna geimhridh, ar n\u00f3s Eala ghl\u00f3rach agus G\u00e9anna gi\u00farainn. Is m\u00edonna maithe iad seo chun ini\u00fachadh a dh\u00e9anamh ar an gcladach (coinnigh an madra ar luaidhe!) agus f\u00e9ach ar ealta\u00ed de piard\u00e1la\u00ed tr\u00e1, luathr\u00e1n, cnota agus speicis eile \u00edoc\u00f3nacha cos\u00fail crotaigh ag beath\u00fa measc linnte agus feamainne.<\/p>\n\n\n\n<p>Gach geimhreadh d\u00e9anann breis is 400 oibr\u00ed deonach oilte, foireann Maor an SPNF agus baill foirne BirdWatch Ireland monat\u00f3ireacht ar phobail \u00e9an geimhridh ag a su\u00edomhanna bogaigh ar fud Phoblacht na h\u00c9ireann. T\u00e1 Suirbh\u00e9 ar \u00c9an Bogaigh na h\u00c9ireann (I-webs) \u00e1 chomhord\u00fa ag BirdWatch Ireland agus \u00e1 mhaoini\u00fa ag an tSeirbh\u00eds P\u00e1irceanna N\u00e1isi\u00fanta agus Fiadh\u00falra. F\u00e9ach <a href=\"https:\/\/birdwatchireland.ie\/our-work\/surveys-research\/research-surveys\/irish-wetland-bird-survey\/\">BirdWatch Ireland<\/a> chun tuilleadh sonra\u00ed a fh\u00e1il.<\/p>\n\n\n\n<h2 class=\"wp-block-heading\">Earrach agus Samhradh<\/h2>\n\n\n\n<p>Is f\u00e9idir leat ini\u00fachadh a dh\u00e9anamh ar do chladach le haghaidh sraith de speicis feamainne agus cr\u00e9at\u00fair farraige. Caith s\u00fail ar roinnt de na gn\u00e1th\u00f3ga agus de na speicis seo ar na naisc \u00fas\u00e1ideacha seo: <a href=\"https:\/\/exploreyourshore.ie\/\" target=\"_blank\" rel=\"noreferrer noopener\">Explore Your Shore<\/a>.<\/p>\n\n\n\n<p>Agus t\u00fa ag si\u00fal tr\u00ed shu\u00edomh Machair is f\u00e9idir leat fi\u00fa Traonach a chloiste\u00e1il! M\u00e1 dh\u00e9anann t\u00fa, t\u00e9igh d\u00edreach ar aghaidh go dt\u00ed an <a href=\"https:\/\/www.corncrakelife.ie\/\" target=\"_blank\" rel=\"noreferrer noopener\">Traonach LIFE<\/a> agus \u00e9 a thuairisci\u00fa.<\/p>\n\n\n\n<h2 class=\"wp-block-heading\">An F\u00f3mhar<\/h2>\n\n\n\n<p>Is minic a thosa\u00edonn ealta\u00ed speiceas \u00f3g-fh\u00e1sta ag baili\u00fa ar shu\u00edomhanna Machair (\u00e1it ar \u00e9irigh le p\u00f3r\u00fa). Is f\u00e9idir C\u00e1g Gobdhearg a fheice\u00e1il freisin ag beath\u00fa tr\u00ed na limist\u00e9ir f\u00e9arthailte tirime.<\/p>\n\n\n\n<p>Is f\u00e9idir p\u00e1irt a ghlacadh i rith na bliana freisin i ngn\u00edomha\u00edochta\u00ed ar shu\u00edomhanna Machair faoi sti\u00fair C\u00f3sta\u00ed Glana chun \u00e1r gc\u00f3sta\u00ed a ghlanadh. F\u00e9ach <a rel=\"noreferrer noopener\" href=\"https:\/\/cleancoasts.org\/\" target=\"_blank\">Clean Coasts<\/a> le haghaidh tuilleadh sonra\u00ed.<\/p>\n\n\n\n<h2 class=\"wp-block-heading\">Bogaigh agus Tailte M\u00f3na<\/h2>\n\n\n\n<p>Is gn\u00e1th\u00f3ga r\u00edth\u00e1bhachtacha iad bogaigh laistigh de th\u00edrdhreach na h\u00c9ireann agus cuireann siad r\u00e9imse seirbh\u00eds\u00ed \u00e9iceach\u00f3rais ar f\u00e1il le c\u00f3rais Machair. F\u00e9ach ar <a href=\"https:\/\/www.communitywetlandsforum.ie\/\">Community Wetlands Forum<\/a> le haghaidh liosta m\u00f3r acmhainn\u00ed agus taca\u00edochta\u00ed do phobail agus foghlaim tuilleadh faoi bhogaigh ag <a href=\"https:\/\/irishwetlands.ie\/\">Ramsar Ireland<\/a>.<\/p>\n\n\n\n<p>Is bogaigh iad tailte portaigh, agus t\u00e1 tailte m\u00f3na ar thaobh na tal\u00fan mar thaca le go leor de na su\u00edomhanna LIFE ar shu\u00edomhanna Machair. F\u00e9ach ar roinnt tailte portaigh spreag\u00fala at\u00e1 \u00e1 d\u00e9anamh tr\u00ed <a href=\"https:\/\/www.wildatlanticnature.ie\/\">Wild Atlantic Nature LIFE Integrated Project.<\/a><\/p>\n\n\n\n<p>Grianghraif \u00f3 Miche\u00e1l O\u2019Briain.<\/p>\n<\/div>\n\n\n\n<div class=\"wp-block-column is-layout-flow wp-block-column-is-layout-flow\" style=\"flex-basis:33.33%\">\n<figure class=\"wp-block-gallery has-nested-images columns-1 is-cropped wp-block-gallery-1 is-layout-flex wp-block-gallery-is-layout-flex\">\n<figure class=\"wp-block-image size-large\"><a href=\"https:\/\/www.lifeonmachair.ie\/wp-content\/uploads\/2023\/03\/Dunlin.jpg\"><img loading=\"lazy\" decoding=\"async\" width=\"955\" height=\"955\" data-id=\"1225\" src=\"https:\/\/www.lifeonmachair.ie\/wp-content\/uploads\/2023\/04\/Dunlin-edited.jpg\" alt=\"Breac&#xF3;g\" class=\"wp-image-1225\" srcset=\"https:\/\/www.lifeonmachair.ie\/wp-content\/uploads\/2023\/04\/Dunlin-edited.jpg 955w, https:\/\/www.lifeonmachair.ie\/wp-content\/uploads\/2023\/04\/Dunlin-edited-300x300.jpg 300w, https:\/\/www.lifeonmachair.ie\/wp-content\/uploads\/2023\/04\/Dunlin-edited-150x150.jpg 150w, https:\/\/www.lifeonmachair.ie\/wp-content\/uploads\/2023\/04\/Dunlin-edited-768x768.jpg 768w\" sizes=\"auto, (max-width: 955px) 100vw, 955px\" \/><\/a><figcaption class=\"wp-element-caption\">Breac\u00f3g<\/figcaption><\/figure>\n\n\n\n<figure class=\"wp-block-image size-large\"><a href=\"https:\/\/www.lifeonmachair.ie\/wp-content\/uploads\/2023\/03\/RingedPlover.jpg\"><img loading=\"lazy\" decoding=\"async\" width=\"1211\" height=\"1210\" data-id=\"1227\" src=\"https:\/\/www.lifeonmachair.ie\/wp-content\/uploads\/2023\/04\/RingedPlover-edited.jpg\" alt=\"Fead&#xF3;g Fh&#xE1;inneach\" class=\"wp-image-1227\" srcset=\"https:\/\/www.lifeonmachair.ie\/wp-content\/uploads\/2023\/04\/RingedPlover-edited.jpg 1211w, https:\/\/www.lifeonmachair.ie\/wp-content\/uploads\/2023\/04\/RingedPlover-edited-300x300.jpg 300w, https:\/\/www.lifeonmachair.ie\/wp-content\/uploads\/2023\/04\/RingedPlover-edited-1024x1024.jpg 1024w, https:\/\/www.lifeonmachair.ie\/wp-content\/uploads\/2023\/04\/RingedPlover-edited-150x150.jpg 150w, https:\/\/www.lifeonmachair.ie\/wp-content\/uploads\/2023\/04\/RingedPlover-edited-768x767.jpg 768w\" sizes=\"auto, (max-width: 1211px) 100vw, 1211px\" \/><\/a><figcaption class=\"wp-element-caption\">Fead\u00f3g Fh\u00e1inneach<\/figcaption><\/figure>\n\n\n\n<figure class=\"wp-block-image size-large\"><a href=\"https:\/\/www.lifeonmachair.ie\/wp-content\/uploads\/2023\/03\/Chough-scaled.jpg\"><img loading=\"lazy\" decoding=\"async\" width=\"2560\" height=\"2560\" data-id=\"1229\" src=\"https:\/\/www.lifeonmachair.ie\/wp-content\/uploads\/2023\/04\/Chough-edited-scaled.jpg\" alt=\"C&#xE1;g Gobdhearg\" class=\"wp-image-1229\" srcset=\"https:\/\/www.lifeonmachair.ie\/wp-content\/uploads\/2023\/04\/Chough-edited-scaled.jpg 2560w, https:\/\/www.lifeonmachair.ie\/wp-content\/uploads\/2023\/04\/Chough-edited-300x300.jpg 300w, https:\/\/www.lifeonmachair.ie\/wp-content\/uploads\/2023\/04\/Chough-edited-1024x1024.jpg 1024w, https:\/\/www.lifeonmachair.ie\/wp-content\/uploads\/2023\/04\/Chough-edited-150x150.jpg 150w, https:\/\/www.lifeonmachair.ie\/wp-content\/uploads\/2023\/04\/Chough-edited-768x768.jpg 768w, https:\/\/www.lifeonmachair.ie\/wp-content\/uploads\/2023\/04\/Chough-edited-1536x1536.jpg 1536w, https:\/\/www.lifeonmachair.ie\/wp-content\/uploads\/2023\/04\/Chough-edited-2048x2048.jpg 2048w\" sizes=\"auto, (max-width: 2560px) 100vw, 2560px\" \/><\/a><figcaption class=\"wp-element-caption\">C\u00e1g Gobdhearg<\/figcaption><\/figure>\n\n\n\n<figure class=\"wp-block-image size-large\"><a href=\"https:\/\/www.lifeonmachair.ie\/wp-content\/uploads\/2023\/03\/WhooperSwans-scaled-e1678968662922.jpg\"><img decoding=\"async\" data-id=\"903\" src=\"https:\/\/www.lifeonmachair.ie\/wp-content\/uploads\/2023\/03\/WhooperSwans-1024x768.jpg\" alt=\"Eala Ghl&#xF3;rach \" class=\"wp-image-903\"\/><\/a><figcaption class=\"wp-element-caption\">Eala Ghl\u00f3rach<\/figcaption><\/figure>\n<\/figure>\n<\/div>\n<\/div>\n","protected":false},"excerpt":{"rendered":"<p>C\u00e9 go bhfuil LIFE maidir le Machair d\u00edrithe ar phr\u00edomhgn\u00e1th\u00f3g Machair, ar lapaire ph\u00f3r\u00fach\u00e1in agus ar phailneoir\u00ed, t\u00e1 r\u00e9imse speiceas eile le f\u00e1il i rith na bliana ar na su\u00edomhanna seo. An Geimhreadh I m\u00edonna an gheimhridh, t\u00e1 su\u00edomhanna Machair t\u00e1bhachtach d\u2019eala\u00ed agus g\u00e9anna geimhridh, ar n\u00f3s Eala ghl\u00f3rach agus G\u00e9anna gi\u00farainn. Is m\u00edonna maithe [&hellip;]<\/p>\n","protected":false},"author":1,"featured_media":0,"parent":1318,"menu_order":0,"comment_status":"closed","ping_status":"closed","template":"","meta":{"site-sidebar-layout":"default","site-content-layout":"","ast-site-content-layout":"default","site-content-style":"default","site-sidebar-style":"default","ast-global-header-display":"","ast-banner-title-visibility":"","ast-main-header-display":"","ast-hfb-above-header-display":"","ast-hfb-below-header-display":"","ast-hfb-mobile-header-display":"","site-post-title":"","ast-breadcrumbs-content":"","ast-featured-img":"","footer-sml-layout":"","ast-disable-related-posts":"","theme-transparent-header-meta":"","adv-header-id-meta":"","stick-header-meta":"","header-above-stick-meta":"","header-main-stick-meta":"","header-below-stick-meta":"","astra-migrate-meta-layouts":"default","ast-page-background-enabled":"default","ast-page-background-meta":{"desktop":{"background-color":"var(--ast-global-color-4)","background-image":"","background-repeat":"repeat","background-position":"center center","background-size":"auto","background-attachment":"scroll","background-type":"","background-media":"","overlay-type":"","overlay-color":"","overlay-opacity":"","overlay-gradient":""},"tablet":{"background-color":"","background-image":"","background-repeat":"repeat","background-position":"center center","background-size":"auto","background-attachment":"scroll","background-type":"","background-media":"","overlay-type":"","overlay-color":"","overlay-opacity":"","overlay-gradient":""},"mobile":{"background-color":"","background-image":"","background-repeat":"repeat","background-position":"center center","background-size":"auto","background-attachment":"scroll","background-type":"","background-media":"","overlay-type":"","overlay-color":"","overlay-opacity":"","overlay-gradient":""}},"ast-content-background-meta":{"desktop":{"background-color":"var(--ast-global-color-5)","background-image":"","background-repeat":"repeat","background-position":"center center","background-size":"auto","background-attachment":"scroll","background-type":"","background-media":"","overlay-type":"","overlay-color":"","overlay-opacity":"","overlay-gradient":""},"tablet":{"background-color":"var(--ast-global-color-5)","background-image":"","background-repeat":"repeat","background-position":"center center","background-size":"auto","background-attachment":"scroll","background-type":"","background-media":"","overlay-type":"","overlay-color":"","overlay-opacity":"","overlay-gradient":""},"mobile":{"background-color":"var(--ast-global-color-5)","background-image":"","background-repeat":"repeat","background-position":"center center","background-size":"auto","background-attachment":"scroll","background-type":"","background-media":"","overlay-type":"","overlay-color":"","overlay-opacity":"","overlay-gradient":""}},"footnotes":""},"class_list":["post-1329","page","type-page","status-publish","hentry"],"yoast_head":"<!-- This site is optimized with the Yoast SEO plugin v27.4 - https:\/\/yoast.com\/product\/yoast-seo-wordpress\/ -->\n<title>Speicis Eile Mhachaire - LIFE ar Mhacaire<\/title>\n<meta name=\"robots\" content=\"index, follow, max-snippet:-1, max-image-preview:large, max-video-preview:-1\" \/>\n<link rel=\"canonical\" href=\"https:\/\/www.lifeonmachair.ie\/ga\/corais-na-machairi\/speicis-eile-mhachaire\/\" \/>\n<meta property=\"og:locale\" content=\"ga_IE\" \/>\n<meta property=\"og:type\" content=\"article\" \/>\n<meta property=\"og:title\" content=\"Speicis Eile Mhachaire - LIFE ar Mhacaire\" \/>\n<meta property=\"og:description\" content=\"C\u00e9 go bhfuil LIFE maidir le Machair d\u00edrithe ar phr\u00edomhgn\u00e1th\u00f3g Machair, ar lapaire ph\u00f3r\u00fach\u00e1in agus ar phailneoir\u00ed, t\u00e1 r\u00e9imse speiceas eile le f\u00e1il i rith na bliana ar na su\u00edomhanna seo. An Geimhreadh I m\u00edonna an gheimhridh, t\u00e1 su\u00edomhanna Machair t\u00e1bhachtach d\u2019eala\u00ed agus g\u00e9anna geimhridh, ar n\u00f3s Eala ghl\u00f3rach agus G\u00e9anna gi\u00farainn. Is m\u00edonna maithe [&hellip;]\" \/>\n<meta property=\"og:url\" content=\"https:\/\/www.lifeonmachair.ie\/ga\/corais-na-machairi\/speicis-eile-mhachaire\/\" \/>\n<meta property=\"og:site_name\" content=\"LIFE ar Mhacaire\" \/>\n<meta property=\"article:publisher\" content=\"https:\/\/www.facebook.com\/profile.php?id=100086060573760\" \/>\n<meta property=\"article:modified_time\" content=\"2023-04-20T08:56:19+00:00\" \/>\n<meta property=\"og:image\" content=\"https:\/\/www.lifeonmachair.ie\/wp-content\/uploads\/2023\/04\/Dunlin-edited.jpg\" \/>\n<meta name=\"twitter:card\" content=\"summary_large_image\" \/>\n<meta name=\"twitter:site\" content=\"@LIFEonMachair\" \/>\n<meta name=\"twitter:label1\" content=\"Est. reading time\" \/>\n\t<meta name=\"twitter:data1\" content=\"2 minutes\" \/>\n<script type=\"application\/ld+json\" class=\"yoast-schema-graph\">{\"@context\":\"https:\\\/\\\/schema.org\",\"@graph\":[{\"@type\":\"WebPage\",\"@id\":\"https:\\\/\\\/www.lifeonmachair.ie\\\/ga\\\/corais-na-machairi\\\/speicis-eile-mhachaire\\\/\",\"url\":\"https:\\\/\\\/www.lifeonmachair.ie\\\/ga\\\/corais-na-machairi\\\/speicis-eile-mhachaire\\\/\",\"name\":\"Speicis Eile Mhachaire - LIFE ar Mhacaire\",\"isPartOf\":{\"@id\":\"https:\\\/\\\/www.lifeonmachair.ie\\\/ga\\\/#website\"},\"primaryImageOfPage\":{\"@id\":\"https:\\\/\\\/www.lifeonmachair.ie\\\/ga\\\/corais-na-machairi\\\/speicis-eile-mhachaire\\\/#primaryimage\"},\"image\":{\"@id\":\"https:\\\/\\\/www.lifeonmachair.ie\\\/ga\\\/corais-na-machairi\\\/speicis-eile-mhachaire\\\/#primaryimage\"},\"thumbnailUrl\":\"https:\\\/\\\/www.lifeonmachair.ie\\\/wp-content\\\/uploads\\\/2023\\\/04\\\/Dunlin-edited.jpg\",\"datePublished\":\"2023-02-21T15:16:44+00:00\",\"dateModified\":\"2023-04-20T08:56:19+00:00\",\"breadcrumb\":{\"@id\":\"https:\\\/\\\/www.lifeonmachair.ie\\\/ga\\\/corais-na-machairi\\\/speicis-eile-mhachaire\\\/#breadcrumb\"},\"inLanguage\":\"ga-IE\",\"potentialAction\":[{\"@type\":\"ReadAction\",\"target\":[\"https:\\\/\\\/www.lifeonmachair.ie\\\/ga\\\/corais-na-machairi\\\/speicis-eile-mhachaire\\\/\"]}]},{\"@type\":\"ImageObject\",\"inLanguage\":\"ga-IE\",\"@id\":\"https:\\\/\\\/www.lifeonmachair.ie\\\/ga\\\/corais-na-machairi\\\/speicis-eile-mhachaire\\\/#primaryimage\",\"url\":\"https:\\\/\\\/www.lifeonmachair.ie\\\/wp-content\\\/uploads\\\/2023\\\/04\\\/Dunlin-edited.jpg\",\"contentUrl\":\"https:\\\/\\\/www.lifeonmachair.ie\\\/wp-content\\\/uploads\\\/2023\\\/04\\\/Dunlin-edited.jpg\"},{\"@type\":\"BreadcrumbList\",\"@id\":\"https:\\\/\\\/www.lifeonmachair.ie\\\/ga\\\/corais-na-machairi\\\/speicis-eile-mhachaire\\\/#breadcrumb\",\"itemListElement\":[{\"@type\":\"ListItem\",\"position\":1,\"name\":\"Home\",\"item\":\"https:\\\/\\\/www.lifeonmachair.ie\\\/ga\\\/\"},{\"@type\":\"ListItem\",\"position\":2,\"name\":\"C\u00f3rais na Machair\u00ed\",\"item\":\"https:\\\/\\\/www.lifeonmachair.ie\\\/ga\\\/corais-na-machairi\\\/\"},{\"@type\":\"ListItem\",\"position\":3,\"name\":\"Speicis Eile Mhachaire\"}]},{\"@type\":\"WebSite\",\"@id\":\"https:\\\/\\\/www.lifeonmachair.ie\\\/ga\\\/#website\",\"url\":\"https:\\\/\\\/www.lifeonmachair.ie\\\/ga\\\/\",\"name\":\"LIFE ar Mhacaire\",\"description\":\"\",\"publisher\":{\"@id\":\"https:\\\/\\\/www.lifeonmachair.ie\\\/ga\\\/#organization\"},\"potentialAction\":[{\"@type\":\"SearchAction\",\"target\":{\"@type\":\"EntryPoint\",\"urlTemplate\":\"https:\\\/\\\/www.lifeonmachair.ie\\\/ga\\\/?s={search_term_string}\"},\"query-input\":{\"@type\":\"PropertyValueSpecification\",\"valueRequired\":true,\"valueName\":\"search_term_string\"}}],\"inLanguage\":\"ga-IE\"},{\"@type\":\"Organization\",\"@id\":\"https:\\\/\\\/www.lifeonmachair.ie\\\/ga\\\/#organization\",\"name\":\"Department of Housing, Local Government and Heritage\",\"url\":\"https:\\\/\\\/www.lifeonmachair.ie\\\/ga\\\/\",\"logo\":{\"@type\":\"ImageObject\",\"inLanguage\":\"ga-IE\",\"@id\":\"https:\\\/\\\/www.lifeonmachair.ie\\\/ga\\\/#\\\/schema\\\/logo\\\/image\\\/\",\"url\":\"https:\\\/\\\/www.lifeonmachair.ie\\\/wp-content\\\/uploads\\\/2025\\\/09\\\/life-on-machair-logo.jpg\",\"contentUrl\":\"https:\\\/\\\/www.lifeonmachair.ie\\\/wp-content\\\/uploads\\\/2025\\\/09\\\/life-on-machair-logo.jpg\",\"width\":1962,\"height\":772,\"caption\":\"Department of Housing, Local Government and Heritage\"},\"image\":{\"@id\":\"https:\\\/\\\/www.lifeonmachair.ie\\\/ga\\\/#\\\/schema\\\/logo\\\/image\\\/\"},\"sameAs\":[\"https:\\\/\\\/www.facebook.com\\\/profile.php?id=100086060573760\",\"https:\\\/\\\/x.com\\\/LIFEonMachair\"]}]}<\/script>\n<!-- \/ Yoast SEO plugin. -->","yoast_head_json":{"title":"Speicis Eile Mhachaire - LIFE ar Mhacaire","robots":{"index":"index","follow":"follow","max-snippet":"max-snippet:-1","max-image-preview":"max-image-preview:large","max-video-preview":"max-video-preview:-1"},"canonical":"https:\/\/www.lifeonmachair.ie\/ga\/corais-na-machairi\/speicis-eile-mhachaire\/","og_locale":"ga_IE","og_type":"article","og_title":"Speicis Eile Mhachaire - LIFE ar Mhacaire","og_description":"C\u00e9 go bhfuil LIFE maidir le Machair d\u00edrithe ar phr\u00edomhgn\u00e1th\u00f3g Machair, ar lapaire ph\u00f3r\u00fach\u00e1in agus ar phailneoir\u00ed, t\u00e1 r\u00e9imse speiceas eile le f\u00e1il i rith na bliana ar na su\u00edomhanna seo. An Geimhreadh I m\u00edonna an gheimhridh, t\u00e1 su\u00edomhanna Machair t\u00e1bhachtach d\u2019eala\u00ed agus g\u00e9anna geimhridh, ar n\u00f3s Eala ghl\u00f3rach agus G\u00e9anna gi\u00farainn. Is m\u00edonna maithe [&hellip;]","og_url":"https:\/\/www.lifeonmachair.ie\/ga\/corais-na-machairi\/speicis-eile-mhachaire\/","og_site_name":"LIFE ar Mhacaire","article_publisher":"https:\/\/www.facebook.com\/profile.php?id=100086060573760","article_modified_time":"2023-04-20T08:56:19+00:00","og_image":[{"url":"https:\/\/www.lifeonmachair.ie\/wp-content\/uploads\/2023\/04\/Dunlin-edited.jpg","type":"","width":"","height":""}],"twitter_card":"summary_large_image","twitter_site":"@LIFEonMachair","twitter_misc":{"Est. reading time":"2 minutes"},"schema":{"@context":"https:\/\/schema.org","@graph":[{"@type":"WebPage","@id":"https:\/\/www.lifeonmachair.ie\/ga\/corais-na-machairi\/speicis-eile-mhachaire\/","url":"https:\/\/www.lifeonmachair.ie\/ga\/corais-na-machairi\/speicis-eile-mhachaire\/","name":"Speicis Eile Mhachaire - LIFE ar Mhacaire","isPartOf":{"@id":"https:\/\/www.lifeonmachair.ie\/ga\/#website"},"primaryImageOfPage":{"@id":"https:\/\/www.lifeonmachair.ie\/ga\/corais-na-machairi\/speicis-eile-mhachaire\/#primaryimage"},"image":{"@id":"https:\/\/www.lifeonmachair.ie\/ga\/corais-na-machairi\/speicis-eile-mhachaire\/#primaryimage"},"thumbnailUrl":"https:\/\/www.lifeonmachair.ie\/wp-content\/uploads\/2023\/04\/Dunlin-edited.jpg","datePublished":"2023-02-21T15:16:44+00:00","dateModified":"2023-04-20T08:56:19+00:00","breadcrumb":{"@id":"https:\/\/www.lifeonmachair.ie\/ga\/corais-na-machairi\/speicis-eile-mhachaire\/#breadcrumb"},"inLanguage":"ga-IE","potentialAction":[{"@type":"ReadAction","target":["https:\/\/www.lifeonmachair.ie\/ga\/corais-na-machairi\/speicis-eile-mhachaire\/"]}]},{"@type":"ImageObject","inLanguage":"ga-IE","@id":"https:\/\/www.lifeonmachair.ie\/ga\/corais-na-machairi\/speicis-eile-mhachaire\/#primaryimage","url":"https:\/\/www.lifeonmachair.ie\/wp-content\/uploads\/2023\/04\/Dunlin-edited.jpg","contentUrl":"https:\/\/www.lifeonmachair.ie\/wp-content\/uploads\/2023\/04\/Dunlin-edited.jpg"},{"@type":"BreadcrumbList","@id":"https:\/\/www.lifeonmachair.ie\/ga\/corais-na-machairi\/speicis-eile-mhachaire\/#breadcrumb","itemListElement":[{"@type":"ListItem","position":1,"name":"Home","item":"https:\/\/www.lifeonmachair.ie\/ga\/"},{"@type":"ListItem","position":2,"name":"C\u00f3rais na Machair\u00ed","item":"https:\/\/www.lifeonmachair.ie\/ga\/corais-na-machairi\/"},{"@type":"ListItem","position":3,"name":"Speicis Eile Mhachaire"}]},{"@type":"WebSite","@id":"https:\/\/www.lifeonmachair.ie\/ga\/#website","url":"https:\/\/www.lifeonmachair.ie\/ga\/","name":"LIFE ar Mhacaire","description":"","publisher":{"@id":"https:\/\/www.lifeonmachair.ie\/ga\/#organization"},"potentialAction":[{"@type":"SearchAction","target":{"@type":"EntryPoint","urlTemplate":"https:\/\/www.lifeonmachair.ie\/ga\/?s={search_term_string}"},"query-input":{"@type":"PropertyValueSpecification","valueRequired":true,"valueName":"search_term_string"}}],"inLanguage":"ga-IE"},{"@type":"Organization","@id":"https:\/\/www.lifeonmachair.ie\/ga\/#organization","name":"Department of Housing, Local Government and Heritage","url":"https:\/\/www.lifeonmachair.ie\/ga\/","logo":{"@type":"ImageObject","inLanguage":"ga-IE","@id":"https:\/\/www.lifeonmachair.ie\/ga\/#\/schema\/logo\/image\/","url":"https:\/\/www.lifeonmachair.ie\/wp-content\/uploads\/2025\/09\/life-on-machair-logo.jpg","contentUrl":"https:\/\/www.lifeonmachair.ie\/wp-content\/uploads\/2025\/09\/life-on-machair-logo.jpg","width":1962,"height":772,"caption":"Department of Housing, Local Government and Heritage"},"image":{"@id":"https:\/\/www.lifeonmachair.ie\/ga\/#\/schema\/logo\/image\/"},"sameAs":["https:\/\/www.facebook.com\/profile.php?id=100086060573760","https:\/\/x.com\/LIFEonMachair"]}]}},"_links":{"self":[{"href":"https:\/\/www.lifeonmachair.ie\/ga\/wp-json\/wp\/v2\/pages\/1329","targetHints":{"allow":["GET"]}}],"collection":[{"href":"https:\/\/www.lifeonmachair.ie\/ga\/wp-json\/wp\/v2\/pages"}],"about":[{"href":"https:\/\/www.lifeonmachair.ie\/ga\/wp-json\/wp\/v2\/types\/page"}],"author":[{"embeddable":true,"href":"https:\/\/www.lifeonmachair.ie\/ga\/wp-json\/wp\/v2\/users\/1"}],"replies":[{"embeddable":true,"href":"https:\/\/www.lifeonmachair.ie\/ga\/wp-json\/wp\/v2\/comments?post=1329"}],"version-history":[{"count":4,"href":"https:\/\/www.lifeonmachair.ie\/ga\/wp-json\/wp\/v2\/pages\/1329\/revisions"}],"predecessor-version":[{"id":1680,"href":"https:\/\/www.lifeonmachair.ie\/ga\/wp-json\/wp\/v2\/pages\/1329\/revisions\/1680"}],"up":[{"embeddable":true,"href":"https:\/\/www.lifeonmachair.ie\/ga\/wp-json\/wp\/v2\/pages\/1318"}],"wp:attachment":[{"href":"https:\/\/www.lifeonmachair.ie\/ga\/wp-json\/wp\/v2\/media?parent=1329"}],"curies":[{"name":"wp","href":"https:\/\/api.w.org\/{rel}","templated":true}]}}