{"id":1177,"date":"2023-02-21T14:31:35","date_gmt":"2023-02-21T14:31:35","guid":{"rendered":"https:\/\/www.lifeonmachair.ie\/cuspoiri-agus-torthai-an-tionscadail\/"},"modified":"2023-06-12T11:44:02","modified_gmt":"2023-06-12T11:44:02","slug":"cuspoiri-agus-torthai-an-tionscadail","status":"publish","type":"page","link":"https:\/\/www.lifeonmachair.ie\/ga\/maidir-le\/cuspoiri-agus-torthai-an-tionscadail\/","title":{"rendered":"Cusp\u00f3ir\u00ed agus Tortha\u00ed an Tionscadail"},"content":{"rendered":"\n<div class=\"wp-block-columns is-layout-flex wp-container-core-columns-is-layout-28f84493 wp-block-columns-is-layout-flex\">\n<div class=\"wp-block-column is-layout-flow wp-block-column-is-layout-flow\" style=\"flex-basis:66.66%\">\n<p>Is iad cusp\u00f3ir\u00ed forioml\u00e1na thionscadal LIFE maidir le Machair n\u00e1 feabhas a chur ar st\u00e1das caomhantais fh\u00e9arthailte Machair agus ghn\u00e1th\u00f3ga dumhcha seasta na h\u00c9ireann agus ar na d\u00e1la\u00ed \u00e9iceola\u00edocha d\u2019lapaire ph\u00f3r\u00fach\u00e1in agus do phailneoir\u00ed laistigh de shu\u00edomhanna an tionscadail. Beidh an tionscadal ar si\u00fal ar feadh s\u00e9 bliana, \u00f3 2022 go 2028.<\/p>\n\n\n\n<p>D\u00e9anfar gn\u00edomha\u00edochta\u00ed sonracha a bhaineann le feirmeoireacht agus bainisti\u00fa tal\u00fan a chomhth\u00e1th\u00fa tr\u00edd an gcl\u00e1r LIFE maidir le hAthch\u00f3iri\u00fa Machair agus \u00e1ireofar orthu sin:<\/p>\n\n\n\n<ul class=\"wp-block-list\">\n<li>Oibri\u00fa le feirmeoir\u00ed agus \u00fain\u00e9ir\u00ed tal\u00fan chun comhaontuithe bainist\u00edochta talmha\u00edochta a fhorbairt agus a chur i bhfeidhm ar shu\u00edomhanna tionscadail. D\u00e9anfaidh na comhaontuithe sin feirmeoir\u00ed a dhreas\u00fa agus luach saothair a thabhairt d\u00f3ibh as c\u00e1il\u00edocht na ngn\u00e1th\u00f3g a fheabhs\u00fa agus, ag an am c\u00e9anna, tabharfaidh siad taca\u00edocht r\u00edth\u00e1bhachtach d\u2019lapaire ph\u00f3r\u00fach\u00e1in agus do phailneoir\u00ed san fhadt\u00e9arma.<\/li>\n\n\n\n<li>Deiseanna agus taca\u00edocht a chur ar f\u00e1il d\u2019fheirmeoir\u00ed agus do phobail \u00e1iti\u00fala chun p\u00e1irt a ghlacadh i bhforbairt acmhainn\u00ed agus i gcomhroinnt eolais maidir le bainisti\u00fa inbhuanaithe su\u00edomhanna Machair.<\/li>\n\n\n\n<li>Idirghabh\u00e1lacha caomhnaithe at\u00e1 sonrach don su\u00edomh (e.g. athfh\u00e1sr\u00fa, rial\u00fa creachad\u00f3ra) a fhorbairt agus a chur chun feidhme chun aghaidh a thabhairt ar bhagairt\u00ed g\u00e9ara ar na gn\u00e1th\u00f3ga agus ar na speicis a bhfuiltear ag d\u00edri\u00fa orthu.<\/li>\n<\/ul>\n\n\n\n<p>Agus muid ag obair le feirmeoir\u00ed agus le h\u00fain\u00e9ir\u00ed tal\u00fan, oibreoimid freisin le h\u00dadar\u00e1is \u00c1iti\u00fala, le pobail \u00e1iti\u00fala agus le sol\u00e1thraithe turas\u00f3ireachta le gn\u00edomhartha sonracha a bhaineann leis an m\u00e9id seo a leanas:<\/p>\n\n\n\n<ul class=\"wp-block-list\">\n<li>Ceardlanna pobail a chomhord\u00fa i limist\u00e9ir spriocthionscadail chun ini\u00fachadh a dh\u00e9anamh ar \u00fas\u00e1id inbhuanaithe na su\u00edomhanna Machair don turas\u00f3ireacht agus don chaitheamh aimsire. Beidh s\u00e9 mar aidhm ag na ceardlanna seo feasacht a mh\u00fascailt agus cabhr\u00fa le r\u00e9itigh a leathn\u00fa amach chun tionchair dhi\u00faltacha \u00fas\u00e1ideoir\u00ed \u00e1ineasa ar cheantair a \u00fas\u00e1idtear go dian a laghd\u00fa tr\u00ed shamhail turas\u00f3ireachta inbhuanaithe a fhorbairt do shu\u00edomhanna Machair.<\/li>\n\n\n\n<li>Taca\u00edocht do thionscnaimh \u00e1iti\u00fala pobail a forbra\u00edodh le linn na gceardlann tr\u00ed dheontais bheaga (maoini\u00fa s\u00edl) a chur ar f\u00e1il do thionscnaimh turas\u00f3ireachta at\u00e1 neamhdh\u00edobh\u00e1lach don chomhshaol.<\/li>\n\n\n\n<li>Cl\u00e1r bunscoileanna a fhorbairt agus a chomhord\u00fa i spriocr\u00e9ims\u00ed tionscadail chun feasacht a ard\u00fa maidir le gn\u00e1th\u00f3ga agus speicis ch\u00f3rais Machair, agus conas aire a thabhairt d\u00f3ibh.<\/li>\n<\/ul>\n\n\n\n<p>Ar an mbealach seo, bainfidh an tionscadal leas as cur chuige bainist\u00edochta comhth\u00e1ite a oibreoidh chun feasacht a ard\u00fa faoi ch\u00f3rais Machair in \u00c9irinn, agus chun treoir chu\u00ed a fhorbairt d\u00f3ibh. Beidh s\u00e9 sin mar bhonn agus mar thaca ag creat do bheartais bhainist\u00edochta eolasacha (feirmeoireacht agus turas\u00f3ireacht) do shu\u00edomhanna Machair tar \u00e9is LIFE maidir le Machair, agus ag an am c\u00e9anna treoir theicni\u00fail a fhorbairt le haghaidh gn\u00edomha\u00edochta\u00ed nithi\u00fala caomhnaithe laistigh de l\u00edonra de shu\u00edomhanna Machair agus lapair\u00ed Natura 2000.<\/p>\n<\/div>\n\n\n\n<div class=\"wp-block-column is-layout-flow wp-block-column-is-layout-flow\" style=\"flex-basis:33.33%\">\n<figure class=\"wp-block-image size-large\"><a href=\"https:\/\/www.lifeonmachair.ie\/wp-content\/uploads\/2023\/04\/machair-road-and-fence-edited-scaled.jpg\"><img loading=\"lazy\" decoding=\"async\" width=\"2560\" height=\"2560\" src=\"https:\/\/www.lifeonmachair.ie\/wp-content\/uploads\/2023\/04\/machair-road-and-fence-edited-scaled.jpg\" alt=\"B&#xF3;thar tr&#xED;d an Mhachair\" class=\"wp-image-1195\" srcset=\"https:\/\/www.lifeonmachair.ie\/wp-content\/uploads\/2023\/04\/machair-road-and-fence-edited-scaled.jpg 2560w, https:\/\/www.lifeonmachair.ie\/wp-content\/uploads\/2023\/04\/machair-road-and-fence-edited-300x300.jpg 300w, https:\/\/www.lifeonmachair.ie\/wp-content\/uploads\/2023\/04\/machair-road-and-fence-edited-1024x1024.jpg 1024w, https:\/\/www.lifeonmachair.ie\/wp-content\/uploads\/2023\/04\/machair-road-and-fence-edited-150x150.jpg 150w, https:\/\/www.lifeonmachair.ie\/wp-content\/uploads\/2023\/04\/machair-road-and-fence-edited-768x768.jpg 768w, https:\/\/www.lifeonmachair.ie\/wp-content\/uploads\/2023\/04\/machair-road-and-fence-edited-1536x1536.jpg 1536w, https:\/\/www.lifeonmachair.ie\/wp-content\/uploads\/2023\/04\/machair-road-and-fence-edited-2048x2048.jpg 2048w\" sizes=\"auto, (max-width: 2560px) 100vw, 2560px\" \/><\/a><figcaption class=\"wp-element-caption\">B\u00f3thar tr\u00edd an Mhachair<\/figcaption><\/figure>\n<\/div>\n<\/div>\n\n<div class=\"wp-block-columns is-layout-flex wp-container-core-columns-is-layout-7c9548a8 wp-block-columns-is-layout-flex\" style=\"padding-top:0;padding-right:0;padding-bottom:0;padding-left:0\">\n<div class=\"wp-block-column has-border-color is-layout-flow wp-block-column-is-layout-flow\" style=\"border-color:#866c22;border-width:4px;padding-top:0;padding-right:0;padding-bottom:0;padding-left:0\">\n<h2 class=\"wp-block-heading has-text-align-center has-text-color\" style=\"color:#866c22\">BAINIST\u00cdOCHT<br\/>TAL\u00daN<br\/>&amp; \u00c9ICEACH\u00d3RAIS<\/h2>\n\n\n\n<p class=\"has-text-align-center has-text-color\" style=\"color:#866c22\">Ag obair le dinimic<br\/>an ch\u00f3rais Machair<\/p>\n\n\n\n<p class=\"has-text-align-center has-text-color\" style=\"color:#866c22\">Gn\u00edomha\u00edochta\u00ed deonacha<br\/>bainist\u00edochta tal\u00fan<\/p>\n\n\n\n<p class=\"has-text-align-center has-text-color\" style=\"color:#866c22\">Athbhreithni\u00fa ar an gc\u00f3ras f\u00e9araigh<\/p>\n\n\n\n<p class=\"has-text-align-center has-text-color\" style=\"color:#866c22\">F\u00e1l cn\u00f3 capaill<\/p>\n\n\n\n<p class=\"has-text-align-center has-text-color\" style=\"color:#866c22\">Bainist\u00edocht scrobarna\u00ed<\/p>\n\n\n\n<p class=\"has-text-align-center has-text-color\" style=\"color:#866c22\">Rial\u00fa speiceas ionracha<\/p>\n\n\n\n<p class=\"has-text-align-center has-text-color\" style=\"color:#866c22\">Faireach\u00e1n &amp; meast\u00f3ireacht<br\/>ar \u00e9iceach\u00f3rais<\/p>\n<\/div>\n\n\n\n<div class=\"wp-block-column is-layout-flow wp-block-column-is-layout-flow\" style=\"padding-top:0;padding-right:0;padding-bottom:0;padding-left:0;flex-basis:24px\">\n<div class=\"wp-block-group arrow-left-blue is-nowrap is-layout-flex wp-container-core-group-is-layout-aa603f52 wp-block-group-is-layout-flex\" style=\"padding-top:0;padding-right:0;padding-bottom:0;padding-left:0\"><\/div>\n\n\n\n<div class=\"wp-block-group arrow-right-brown is-nowrap is-layout-flex wp-container-core-group-is-layout-aa603f52 wp-block-group-is-layout-flex\" style=\"padding-top:0;padding-right:0;padding-bottom:0;padding-left:0\"><\/div>\n<\/div>\n\n\n\n<div class=\"wp-block-column has-border-color is-layout-flow wp-block-column-is-layout-flow\" style=\"border-color:#006faa;border-width:4px;padding-top:0;padding-right:0;padding-bottom:0;padding-left:0\">\n<h2 class=\"wp-block-heading has-text-align-center has-text-color\" style=\"color:#006faa\">FORBAIRT<br\/>ACMHAINN\u00cd<\/h2>\n\n\n\n<p class=\"has-text-align-center has-text-color\" style=\"color:#006faa\">LIFE ar Chl\u00e1r<br\/>Athch\u00f3irithe<br\/>Mhachaire<\/p>\n\n\n\n<p class=\"has-text-align-center has-text-color\" style=\"color:#006faa\">Gr\u00fapa\u00ed malartaithe<br\/>eolais<\/p>\n\n\n\n<p class=\"has-text-align-center has-text-color\" style=\"color:#006faa\">Suirbh\u00e9 agus meas\u00fanuithe<br\/>su\u00edmh<\/p>\n\n\n\n<p class=\"has-text-align-center has-text-color\" style=\"color:#006faa\">Ceardlanna<br\/>pobail<\/p>\n\n\n\n<p class=\"has-text-align-center has-text-color\" style=\"color:#006faa\">L\u00edonr\u00fa<\/p>\n\n\n\n<p class=\"has-text-align-center has-text-color\" style=\"color:#006faa\">Oili\u00faint<\/p>\n<\/div>\n\n\n\n<div class=\"wp-block-column is-layout-flow wp-block-column-is-layout-flow\" style=\"padding-top:0;padding-right:0;padding-bottom:0;padding-left:0;flex-basis:24px\">\n<div class=\"wp-block-group arrow-left-green is-nowrap is-layout-flex wp-container-core-group-is-layout-aa603f52 wp-block-group-is-layout-flex\" style=\"padding-top:0;padding-right:0;padding-bottom:0;padding-left:0\"><\/div>\n\n\n\n<div class=\"wp-block-group arrow-right-blue is-horizontal is-layout-flex wp-container-core-group-is-layout-5c3da6e1 wp-block-group-is-layout-flex\" style=\"padding-top:0;padding-right:0;padding-bottom:0;padding-left:0\"><\/div>\n<\/div>\n\n\n\n<div class=\"wp-block-column has-border-color is-layout-flow wp-block-column-is-layout-flow\" style=\"border-color:#616c3f;border-width:4px;padding-top:0;padding-right:0;padding-bottom:0;padding-left:0\">\n<h2 class=\"wp-block-heading has-text-align-center has-text-color\" style=\"color:#616c3f\">OIDEACHAS &amp;<br\/>FEASACHT<\/h2>\n\n\n\n<p class=\"has-text-align-center has-text-color\" style=\"color:#616c3f\">Gn\u00edomha\u00edochta\u00ed<br\/>cumars\u00e1ide &amp;<br\/>scaipthe<\/p>\n\n\n\n<p class=\"has-text-align-center has-text-color\" style=\"color:#616c3f\">Cl\u00e1r na Scoileanna<\/p>\n\n\n\n<p class=\"has-text-align-center has-text-color\" style=\"color:#616c3f\">Ceardlanna &amp; imeachta\u00ed<br\/>\u00e1iti\u00fala &amp; r\u00e9igi\u00fanacha<\/p>\n\n\n\n<p class=\"has-text-align-center has-text-color\" style=\"color:#616c3f\">Monat\u00f3ireacht agus<br\/>meast\u00f3ireacht<br\/>shocheacnama\u00edoch<\/p>\n\n\n\n<p class=\"has-text-align-center has-text-color\" style=\"color:#616c3f\">Imeachta\u00ed for-rochtana<\/p>\n<\/div>\n<\/div>\n\n<div class=\"wp-block-columns has-background is-layout-flex wp-container-core-columns-is-layout-28f84493 wp-block-columns-is-layout-flex\" style=\"background-color:#006faa\">\n<div class=\"wp-block-column is-vertically-aligned-center is-layout-flow wp-block-column-is-layout-flow\" style=\"flex-basis:30%\">\n<figure class=\"wp-block-image size-full\"><img loading=\"lazy\" decoding=\"async\" width=\"248\" height=\"77\" src=\"https:\/\/www.lifeonmachair.ie\/wp-content\/uploads\/2023\/06\/life-on-machair-blue.png\" alt=\"LIFE ar Chl&#xE1;r\" class=\"wp-image-1733\"\/><\/figure>\n<\/div>\n\n\n\n<div class=\"wp-block-column is-vertically-aligned-center is-layout-flow wp-block-column-is-layout-flow\" style=\"flex-basis:40%\">\n<p class=\"has-text-align-center has-ast-global-color-5-color has-text-color has-medium-font-size\"><strong>BAINIST\u00cdOCHT, COMHORD\u00da<br\/>AGUS RIALACHAS AR THIONSCADAL<\/strong><\/p>\n<\/div>\n\n\n\n<div class=\"wp-block-column is-vertically-aligned-center is-layout-flow wp-block-column-is-layout-flow\" style=\"flex-basis:30%\">\n<figure class=\"wp-block-image size-full\"><img loading=\"lazy\" decoding=\"async\" width=\"248\" height=\"77\" src=\"https:\/\/www.lifeonmachair.ie\/wp-content\/uploads\/2023\/06\/life-on-machair-blue.png\" alt=\"LIFE ar Chl&#xE1;r\" class=\"wp-image-1733\"\/><\/figure>\n<\/div>\n<\/div>\n","protected":false},"excerpt":{"rendered":"<p>Is iad cusp\u00f3ir\u00ed forioml\u00e1na thionscadal LIFE maidir le Machair n\u00e1 feabhas a chur ar st\u00e1das caomhantais fh\u00e9arthailte Machair agus ghn\u00e1th\u00f3ga dumhcha seasta na h\u00c9ireann agus ar na d\u00e1la\u00ed \u00e9iceola\u00edocha d\u2019lapaire ph\u00f3r\u00fach\u00e1in agus do phailneoir\u00ed laistigh de shu\u00edomhanna an tionscadail. Beidh an tionscadal ar si\u00fal ar feadh s\u00e9 bliana, \u00f3 2022 go 2028. D\u00e9anfar gn\u00edomha\u00edochta\u00ed sonracha [&hellip;]<\/p>\n","protected":false},"author":1,"featured_media":734,"parent":1320,"menu_order":0,"comment_status":"closed","ping_status":"closed","template":"","meta":{"site-sidebar-layout":"default","site-content-layout":"","ast-site-content-layout":"default","site-content-style":"default","site-sidebar-style":"default","ast-global-header-display":"","ast-banner-title-visibility":"","ast-main-header-display":"","ast-hfb-above-header-display":"","ast-hfb-below-header-display":"","ast-hfb-mobile-header-display":"","site-post-title":"","ast-breadcrumbs-content":"","ast-featured-img":"","footer-sml-layout":"","ast-disable-related-posts":"","theme-transparent-header-meta":"","adv-header-id-meta":"","stick-header-meta":"","header-above-stick-meta":"","header-main-stick-meta":"","header-below-stick-meta":"","astra-migrate-meta-layouts":"default","ast-page-background-enabled":"default","ast-page-background-meta":{"desktop":{"background-color":"var(--ast-global-color-4)","background-image":"","background-repeat":"repeat","background-position":"center center","background-size":"auto","background-attachment":"scroll","background-type":"","background-media":"","overlay-type":"","overlay-color":"","overlay-opacity":"","overlay-gradient":""},"tablet":{"background-color":"","background-image":"","background-repeat":"repeat","background-position":"center center","background-size":"auto","background-attachment":"scroll","background-type":"","background-media":"","overlay-type":"","overlay-color":"","overlay-opacity":"","overlay-gradient":""},"mobile":{"background-color":"","background-image":"","background-repeat":"repeat","background-position":"center center","background-size":"auto","background-attachment":"scroll","background-type":"","background-media":"","overlay-type":"","overlay-color":"","overlay-opacity":"","overlay-gradient":""}},"ast-content-background-meta":{"desktop":{"background-color":"var(--ast-global-color-5)","background-image":"","background-repeat":"repeat","background-position":"center center","background-size":"auto","background-attachment":"scroll","background-type":"","background-media":"","overlay-type":"","overlay-color":"","overlay-opacity":"","overlay-gradient":""},"tablet":{"background-color":"var(--ast-global-color-5)","background-image":"","background-repeat":"repeat","background-position":"center center","background-size":"auto","background-attachment":"scroll","background-type":"","background-media":"","overlay-type":"","overlay-color":"","overlay-opacity":"","overlay-gradient":""},"mobile":{"background-color":"var(--ast-global-color-5)","background-image":"","background-repeat":"repeat","background-position":"center center","background-size":"auto","background-attachment":"scroll","background-type":"","background-media":"","overlay-type":"","overlay-color":"","overlay-opacity":"","overlay-gradient":""}},"footnotes":""},"class_list":["post-1177","page","type-page","status-publish","has-post-thumbnail","hentry"],"yoast_head":"<!-- This site is optimized with the Yoast SEO plugin v27.5 - https:\/\/yoast.com\/product\/yoast-seo-wordpress\/ -->\n<title>Cusp\u00f3ir\u00ed agus Tortha\u00ed an Tionscadail - LIFE ar Mhacaire<\/title>\n<meta name=\"robots\" content=\"index, follow, max-snippet:-1, max-image-preview:large, max-video-preview:-1\" \/>\n<link rel=\"canonical\" href=\"https:\/\/www.lifeonmachair.ie\/ga\/maidir-le\/cuspoiri-agus-torthai-an-tionscadail\/\" \/>\n<meta property=\"og:locale\" content=\"ga_IE\" \/>\n<meta property=\"og:type\" content=\"article\" \/>\n<meta property=\"og:title\" content=\"Cusp\u00f3ir\u00ed agus Tortha\u00ed an Tionscadail - LIFE ar Mhacaire\" \/>\n<meta property=\"og:description\" content=\"Is iad cusp\u00f3ir\u00ed forioml\u00e1na thionscadal LIFE maidir le Machair n\u00e1 feabhas a chur ar st\u00e1das caomhantais fh\u00e9arthailte Machair agus ghn\u00e1th\u00f3ga dumhcha seasta na h\u00c9ireann agus ar na d\u00e1la\u00ed \u00e9iceola\u00edocha d\u2019lapaire ph\u00f3r\u00fach\u00e1in agus do phailneoir\u00ed laistigh de shu\u00edomhanna an tionscadail. Beidh an tionscadal ar si\u00fal ar feadh s\u00e9 bliana, \u00f3 2022 go 2028. D\u00e9anfar gn\u00edomha\u00edochta\u00ed sonracha [&hellip;]\" \/>\n<meta property=\"og:url\" content=\"https:\/\/www.lifeonmachair.ie\/ga\/maidir-le\/cuspoiri-agus-torthai-an-tionscadail\/\" \/>\n<meta property=\"og:site_name\" content=\"LIFE ar Mhacaire\" \/>\n<meta property=\"article:publisher\" content=\"https:\/\/www.facebook.com\/profile.php?id=100086060573760\" \/>\n<meta property=\"article:modified_time\" content=\"2023-06-12T11:44:02+00:00\" \/>\n<meta property=\"og:image\" content=\"https:\/\/www.lifeonmachair.ie\/wp-content\/uploads\/2023\/03\/machair-road-and-fence-scaled.jpg\" \/>\n\t<meta property=\"og:image:width\" content=\"2560\" \/>\n\t<meta property=\"og:image:height\" content=\"1920\" \/>\n\t<meta property=\"og:image:type\" content=\"image\/jpeg\" \/>\n<meta name=\"twitter:card\" content=\"summary_large_image\" \/>\n<meta name=\"twitter:site\" content=\"@LIFEonMachair\" \/>\n<meta name=\"twitter:label1\" content=\"Est. reading time\" \/>\n\t<meta name=\"twitter:data1\" content=\"3 minutes\" \/>\n<script type=\"application\/ld+json\" class=\"yoast-schema-graph\">{\"@context\":\"https:\\\/\\\/schema.org\",\"@graph\":[{\"@type\":\"WebPage\",\"@id\":\"https:\\\/\\\/www.lifeonmachair.ie\\\/ga\\\/maidir-le\\\/cuspoiri-agus-torthai-an-tionscadail\\\/\",\"url\":\"https:\\\/\\\/www.lifeonmachair.ie\\\/ga\\\/maidir-le\\\/cuspoiri-agus-torthai-an-tionscadail\\\/\",\"name\":\"Cusp\u00f3ir\u00ed agus Tortha\u00ed an Tionscadail - LIFE ar Mhacaire\",\"isPartOf\":{\"@id\":\"https:\\\/\\\/www.lifeonmachair.ie\\\/ga\\\/#website\"},\"primaryImageOfPage\":{\"@id\":\"https:\\\/\\\/www.lifeonmachair.ie\\\/ga\\\/maidir-le\\\/cuspoiri-agus-torthai-an-tionscadail\\\/#primaryimage\"},\"image\":{\"@id\":\"https:\\\/\\\/www.lifeonmachair.ie\\\/ga\\\/maidir-le\\\/cuspoiri-agus-torthai-an-tionscadail\\\/#primaryimage\"},\"thumbnailUrl\":\"https:\\\/\\\/www.lifeonmachair.ie\\\/wp-content\\\/uploads\\\/2023\\\/03\\\/machair-road-and-fence-scaled.jpg\",\"datePublished\":\"2023-02-21T14:31:35+00:00\",\"dateModified\":\"2023-06-12T11:44:02+00:00\",\"breadcrumb\":{\"@id\":\"https:\\\/\\\/www.lifeonmachair.ie\\\/ga\\\/maidir-le\\\/cuspoiri-agus-torthai-an-tionscadail\\\/#breadcrumb\"},\"inLanguage\":\"ga-IE\",\"potentialAction\":[{\"@type\":\"ReadAction\",\"target\":[\"https:\\\/\\\/www.lifeonmachair.ie\\\/ga\\\/maidir-le\\\/cuspoiri-agus-torthai-an-tionscadail\\\/\"]}]},{\"@type\":\"ImageObject\",\"inLanguage\":\"ga-IE\",\"@id\":\"https:\\\/\\\/www.lifeonmachair.ie\\\/ga\\\/maidir-le\\\/cuspoiri-agus-torthai-an-tionscadail\\\/#primaryimage\",\"url\":\"https:\\\/\\\/www.lifeonmachair.ie\\\/wp-content\\\/uploads\\\/2023\\\/03\\\/machair-road-and-fence-scaled.jpg\",\"contentUrl\":\"https:\\\/\\\/www.lifeonmachair.ie\\\/wp-content\\\/uploads\\\/2023\\\/03\\\/machair-road-and-fence-scaled.jpg\",\"width\":2560,\"height\":1920,\"caption\":\"Machair Road and Fence\"},{\"@type\":\"BreadcrumbList\",\"@id\":\"https:\\\/\\\/www.lifeonmachair.ie\\\/ga\\\/maidir-le\\\/cuspoiri-agus-torthai-an-tionscadail\\\/#breadcrumb\",\"itemListElement\":[{\"@type\":\"ListItem\",\"position\":1,\"name\":\"Home\",\"item\":\"https:\\\/\\\/www.lifeonmachair.ie\\\/ga\\\/\"},{\"@type\":\"ListItem\",\"position\":2,\"name\":\"Maidir le\",\"item\":\"https:\\\/\\\/www.lifeonmachair.ie\\\/ga\\\/maidir-le\\\/\"},{\"@type\":\"ListItem\",\"position\":3,\"name\":\"Cusp\u00f3ir\u00ed agus Tortha\u00ed an Tionscadail\"}]},{\"@type\":\"WebSite\",\"@id\":\"https:\\\/\\\/www.lifeonmachair.ie\\\/ga\\\/#website\",\"url\":\"https:\\\/\\\/www.lifeonmachair.ie\\\/ga\\\/\",\"name\":\"LIFE ar Mhacaire\",\"description\":\"\",\"publisher\":{\"@id\":\"https:\\\/\\\/www.lifeonmachair.ie\\\/ga\\\/#organization\"},\"potentialAction\":[{\"@type\":\"SearchAction\",\"target\":{\"@type\":\"EntryPoint\",\"urlTemplate\":\"https:\\\/\\\/www.lifeonmachair.ie\\\/ga\\\/?s={search_term_string}\"},\"query-input\":{\"@type\":\"PropertyValueSpecification\",\"valueRequired\":true,\"valueName\":\"search_term_string\"}}],\"inLanguage\":\"ga-IE\"},{\"@type\":\"Organization\",\"@id\":\"https:\\\/\\\/www.lifeonmachair.ie\\\/ga\\\/#organization\",\"name\":\"Department of Housing, Local Government and Heritage\",\"url\":\"https:\\\/\\\/www.lifeonmachair.ie\\\/ga\\\/\",\"logo\":{\"@type\":\"ImageObject\",\"inLanguage\":\"ga-IE\",\"@id\":\"https:\\\/\\\/www.lifeonmachair.ie\\\/ga\\\/#\\\/schema\\\/logo\\\/image\\\/\",\"url\":\"https:\\\/\\\/www.lifeonmachair.ie\\\/wp-content\\\/uploads\\\/2025\\\/09\\\/life-on-machair-logo.jpg\",\"contentUrl\":\"https:\\\/\\\/www.lifeonmachair.ie\\\/wp-content\\\/uploads\\\/2025\\\/09\\\/life-on-machair-logo.jpg\",\"width\":1962,\"height\":772,\"caption\":\"Department of Housing, Local Government and Heritage\"},\"image\":{\"@id\":\"https:\\\/\\\/www.lifeonmachair.ie\\\/ga\\\/#\\\/schema\\\/logo\\\/image\\\/\"},\"sameAs\":[\"https:\\\/\\\/www.facebook.com\\\/profile.php?id=100086060573760\",\"https:\\\/\\\/x.com\\\/LIFEonMachair\"]}]}<\/script>\n<!-- \/ Yoast SEO plugin. -->","yoast_head_json":{"title":"Cusp\u00f3ir\u00ed agus Tortha\u00ed an Tionscadail - LIFE ar Mhacaire","robots":{"index":"index","follow":"follow","max-snippet":"max-snippet:-1","max-image-preview":"max-image-preview:large","max-video-preview":"max-video-preview:-1"},"canonical":"https:\/\/www.lifeonmachair.ie\/ga\/maidir-le\/cuspoiri-agus-torthai-an-tionscadail\/","og_locale":"ga_IE","og_type":"article","og_title":"Cusp\u00f3ir\u00ed agus Tortha\u00ed an Tionscadail - LIFE ar Mhacaire","og_description":"Is iad cusp\u00f3ir\u00ed forioml\u00e1na thionscadal LIFE maidir le Machair n\u00e1 feabhas a chur ar st\u00e1das caomhantais fh\u00e9arthailte Machair agus ghn\u00e1th\u00f3ga dumhcha seasta na h\u00c9ireann agus ar na d\u00e1la\u00ed \u00e9iceola\u00edocha d\u2019lapaire ph\u00f3r\u00fach\u00e1in agus do phailneoir\u00ed laistigh de shu\u00edomhanna an tionscadail. Beidh an tionscadal ar si\u00fal ar feadh s\u00e9 bliana, \u00f3 2022 go 2028. D\u00e9anfar gn\u00edomha\u00edochta\u00ed sonracha [&hellip;]","og_url":"https:\/\/www.lifeonmachair.ie\/ga\/maidir-le\/cuspoiri-agus-torthai-an-tionscadail\/","og_site_name":"LIFE ar Mhacaire","article_publisher":"https:\/\/www.facebook.com\/profile.php?id=100086060573760","article_modified_time":"2023-06-12T11:44:02+00:00","og_image":[{"width":2560,"height":1920,"url":"https:\/\/www.lifeonmachair.ie\/wp-content\/uploads\/2023\/03\/machair-road-and-fence-scaled.jpg","type":"image\/jpeg"}],"twitter_card":"summary_large_image","twitter_site":"@LIFEonMachair","twitter_misc":{"Est. reading time":"3 minutes"},"schema":{"@context":"https:\/\/schema.org","@graph":[{"@type":"WebPage","@id":"https:\/\/www.lifeonmachair.ie\/ga\/maidir-le\/cuspoiri-agus-torthai-an-tionscadail\/","url":"https:\/\/www.lifeonmachair.ie\/ga\/maidir-le\/cuspoiri-agus-torthai-an-tionscadail\/","name":"Cusp\u00f3ir\u00ed agus Tortha\u00ed an Tionscadail - LIFE ar Mhacaire","isPartOf":{"@id":"https:\/\/www.lifeonmachair.ie\/ga\/#website"},"primaryImageOfPage":{"@id":"https:\/\/www.lifeonmachair.ie\/ga\/maidir-le\/cuspoiri-agus-torthai-an-tionscadail\/#primaryimage"},"image":{"@id":"https:\/\/www.lifeonmachair.ie\/ga\/maidir-le\/cuspoiri-agus-torthai-an-tionscadail\/#primaryimage"},"thumbnailUrl":"https:\/\/www.lifeonmachair.ie\/wp-content\/uploads\/2023\/03\/machair-road-and-fence-scaled.jpg","datePublished":"2023-02-21T14:31:35+00:00","dateModified":"2023-06-12T11:44:02+00:00","breadcrumb":{"@id":"https:\/\/www.lifeonmachair.ie\/ga\/maidir-le\/cuspoiri-agus-torthai-an-tionscadail\/#breadcrumb"},"inLanguage":"ga-IE","potentialAction":[{"@type":"ReadAction","target":["https:\/\/www.lifeonmachair.ie\/ga\/maidir-le\/cuspoiri-agus-torthai-an-tionscadail\/"]}]},{"@type":"ImageObject","inLanguage":"ga-IE","@id":"https:\/\/www.lifeonmachair.ie\/ga\/maidir-le\/cuspoiri-agus-torthai-an-tionscadail\/#primaryimage","url":"https:\/\/www.lifeonmachair.ie\/wp-content\/uploads\/2023\/03\/machair-road-and-fence-scaled.jpg","contentUrl":"https:\/\/www.lifeonmachair.ie\/wp-content\/uploads\/2023\/03\/machair-road-and-fence-scaled.jpg","width":2560,"height":1920,"caption":"Machair Road and Fence"},{"@type":"BreadcrumbList","@id":"https:\/\/www.lifeonmachair.ie\/ga\/maidir-le\/cuspoiri-agus-torthai-an-tionscadail\/#breadcrumb","itemListElement":[{"@type":"ListItem","position":1,"name":"Home","item":"https:\/\/www.lifeonmachair.ie\/ga\/"},{"@type":"ListItem","position":2,"name":"Maidir le","item":"https:\/\/www.lifeonmachair.ie\/ga\/maidir-le\/"},{"@type":"ListItem","position":3,"name":"Cusp\u00f3ir\u00ed agus Tortha\u00ed an Tionscadail"}]},{"@type":"WebSite","@id":"https:\/\/www.lifeonmachair.ie\/ga\/#website","url":"https:\/\/www.lifeonmachair.ie\/ga\/","name":"LIFE ar Mhacaire","description":"","publisher":{"@id":"https:\/\/www.lifeonmachair.ie\/ga\/#organization"},"potentialAction":[{"@type":"SearchAction","target":{"@type":"EntryPoint","urlTemplate":"https:\/\/www.lifeonmachair.ie\/ga\/?s={search_term_string}"},"query-input":{"@type":"PropertyValueSpecification","valueRequired":true,"valueName":"search_term_string"}}],"inLanguage":"ga-IE"},{"@type":"Organization","@id":"https:\/\/www.lifeonmachair.ie\/ga\/#organization","name":"Department of Housing, Local Government and Heritage","url":"https:\/\/www.lifeonmachair.ie\/ga\/","logo":{"@type":"ImageObject","inLanguage":"ga-IE","@id":"https:\/\/www.lifeonmachair.ie\/ga\/#\/schema\/logo\/image\/","url":"https:\/\/www.lifeonmachair.ie\/wp-content\/uploads\/2025\/09\/life-on-machair-logo.jpg","contentUrl":"https:\/\/www.lifeonmachair.ie\/wp-content\/uploads\/2025\/09\/life-on-machair-logo.jpg","width":1962,"height":772,"caption":"Department of Housing, Local Government and Heritage"},"image":{"@id":"https:\/\/www.lifeonmachair.ie\/ga\/#\/schema\/logo\/image\/"},"sameAs":["https:\/\/www.facebook.com\/profile.php?id=100086060573760","https:\/\/x.com\/LIFEonMachair"]}]}},"_links":{"self":[{"href":"https:\/\/www.lifeonmachair.ie\/ga\/wp-json\/wp\/v2\/pages\/1177","targetHints":{"allow":["GET"]}}],"collection":[{"href":"https:\/\/www.lifeonmachair.ie\/ga\/wp-json\/wp\/v2\/pages"}],"about":[{"href":"https:\/\/www.lifeonmachair.ie\/ga\/wp-json\/wp\/v2\/types\/page"}],"author":[{"embeddable":true,"href":"https:\/\/www.lifeonmachair.ie\/ga\/wp-json\/wp\/v2\/users\/1"}],"replies":[{"embeddable":true,"href":"https:\/\/www.lifeonmachair.ie\/ga\/wp-json\/wp\/v2\/comments?post=1177"}],"version-history":[{"count":9,"href":"https:\/\/www.lifeonmachair.ie\/ga\/wp-json\/wp\/v2\/pages\/1177\/revisions"}],"predecessor-version":[{"id":1757,"href":"https:\/\/www.lifeonmachair.ie\/ga\/wp-json\/wp\/v2\/pages\/1177\/revisions\/1757"}],"up":[{"embeddable":true,"href":"https:\/\/www.lifeonmachair.ie\/ga\/wp-json\/wp\/v2\/pages\/1320"}],"wp:featuredmedia":[{"embeddable":true,"href":"https:\/\/www.lifeonmachair.ie\/ga\/wp-json\/wp\/v2\/media\/734"}],"wp:attachment":[{"href":"https:\/\/www.lifeonmachair.ie\/ga\/wp-json\/wp\/v2\/media?parent=1177"}],"curies":[{"name":"wp","href":"https:\/\/api.w.org\/{rel}","templated":true}]}}